{"id":2491,"date":"2023-10-17T16:20:58","date_gmt":"2023-10-17T14:20:58","guid":{"rendered":"https:\/\/empregal.gal\/?page_id=2491"},"modified":"2023-11-16T10:24:07","modified_gmt":"2023-11-16T09:24:07","slug":"programa-de-formacion","status":"publish","type":"page","link":"https:\/\/empregal.gal\/es\/programa-de-formacion\/","title":{"rendered":"Programa de formaci\u00f3n"},"content":{"rendered":"\t\t<div data-elementor-type=\"wp-page\" data-elementor-id=\"2491\" class=\"elementor elementor-2491 elementor-840\" data-elementor-settings=\"{&quot;ha_cmc_init_switcher&quot;:&quot;no&quot;}\" data-elementor-post-type=\"page\">\n\t\t\t\t\t\t<section class=\"ob-is-breaking-bad elementor-section elementor-top-section elementor-element elementor-element-e380142 elementor-section-full_width elementor-section-height-min-height elementor-section-items-stretch elementor-section-height-default\" data-id=\"e380142\" data-element_type=\"section\" data-e-type=\"section\" data-settings=\"{&quot;jet_parallax_layout_list&quot;:[],&quot;_ob_bbad_use_it&quot;:&quot;yes&quot;,&quot;_ob_bbad_sssic_use&quot;:&quot;no&quot;}\">\n\t\t\t\t\t\t<div class=\"elementor-container elementor-column-gap-no\">\n\t\t\t\t\t<div class=\"ob-is-pseudo elementor-column elementor-col-100 elementor-top-column elementor-element elementor-element-dbaaf2b\" data-id=\"dbaaf2b\" data-element_type=\"column\" data-e-type=\"column\" data-settings=\"{&quot;background_background&quot;:&quot;classic&quot;,&quot;_ob_column_has_pseudo&quot;:&quot;yes&quot;,&quot;_ob_pseudo_before_popover_whyxrot&quot;:&quot;yes&quot;,&quot;_ob_bbad_is_stalker&quot;:&quot;no&quot;}\">\n\t\t\t<div class=\"elementor-widget-wrap elementor-element-populated\">\n\t\t\t\t\t\t<div class=\"elementor-element elementor-element-6ec3b6a elementor-widget__width-auto ha-has-bg-overlay ob-has-background-overlay elementor-widget elementor-widget-heading\" data-id=\"6ec3b6a\" data-element_type=\"widget\" data-e-type=\"widget\" data-settings=\"{&quot;_ob_poopart_use&quot;:&quot;yes&quot;}\" data-widget_type=\"heading.default\">\n\t\t\t\t<div class=\"elementor-widget-container\">\n\t\t\t\t\t<h1 class=\"elementor-heading-title elementor-size-default\">Plan de medidas empregAL<\/h1>\t\t\t\t<\/div>\n\t\t\t\t<\/div>\n\t\t\t\t<div class=\"elementor-element elementor-element-7a7c53d elementor-widget__width-auto ha-has-bg-overlay ob-has-background-overlay elementor-widget elementor-widget-heading\" data-id=\"7a7c53d\" data-element_type=\"widget\" data-e-type=\"widget\" data-settings=\"{&quot;_ob_poopart_use&quot;:&quot;yes&quot;}\" data-widget_type=\"heading.default\">\n\t\t\t\t<div class=\"elementor-widget-container\">\n\t\t\t\t\t<h5 class=\"elementor-heading-title elementor-size-default\">Programa de Formaci\u00f3n<\/h5>\t\t\t\t<\/div>\n\t\t\t\t<\/div>\n\t\t\t\t\t<\/div>\n\t\t<\/div>\n\t\t\t\t\t<\/div>\n\t\t<\/section>\n\t\t\t\t<section class=\"ob-is-breaking-bad elementor-section elementor-top-section elementor-element elementor-element-d456542 elementor-section-boxed elementor-section-height-default elementor-section-height-default\" data-id=\"d456542\" data-element_type=\"section\" data-e-type=\"section\" data-settings=\"{&quot;jet_parallax_layout_list&quot;:[],&quot;background_background&quot;:&quot;gradient&quot;,&quot;_ob_bbad_use_it&quot;:&quot;yes&quot;,&quot;_ob_bbad_sssic_use&quot;:&quot;no&quot;}\">\n\t\t\t\t\t\t<div class=\"elementor-container elementor-column-gap-no\">\n\t\t\t\t\t<div class=\"elementor-column elementor-col-100 elementor-top-column elementor-element elementor-element-6a0a3dd\" data-id=\"6a0a3dd\" data-element_type=\"column\" data-e-type=\"column\" data-settings=\"{&quot;_ob_bbad_is_stalker&quot;:&quot;no&quot;,&quot;_ob_column_has_pseudo&quot;:&quot;no&quot;}\">\n\t\t\t<div class=\"elementor-widget-wrap elementor-element-populated\">\n\t\t\t\t\t\t<section class=\"ob-is-breaking-bad ob-bb-inner elementor-section elementor-inner-section elementor-element elementor-element-fcfcb14 elementor-section-boxed elementor-section-height-default elementor-section-height-default\" data-id=\"fcfcb14\" data-element_type=\"section\" data-e-type=\"section\" data-settings=\"{&quot;jet_parallax_layout_list&quot;:[],&quot;_ob_bbad_use_it&quot;:&quot;yes&quot;,&quot;_ob_bbad_sssic_use&quot;:&quot;no&quot;}\">\n\t\t\t\t\t\t<div class=\"elementor-container elementor-column-gap-default\">\n\t\t\t\t\t<div class=\"elementor-column elementor-col-100 elementor-inner-column elementor-element elementor-element-0a4cd4f\" data-id=\"0a4cd4f\" data-element_type=\"column\" data-e-type=\"column\" data-settings=\"{&quot;background_background&quot;:&quot;classic&quot;,&quot;_ob_bbad_is_stalker&quot;:&quot;no&quot;,&quot;_ob_column_has_pseudo&quot;:&quot;no&quot;}\">\n\t\t\t<div class=\"elementor-widget-wrap elementor-element-populated\">\n\t\t\t\t\t\t<div class=\"elementor-element elementor-element-16ccb9c ob-has-background-overlay elementor-widget elementor-widget-heading\" data-id=\"16ccb9c\" data-element_type=\"widget\" data-e-type=\"widget\" data-settings=\"{&quot;_ob_poopart_use&quot;:&quot;yes&quot;}\" data-widget_type=\"heading.default\">\n\t\t\t\t<div class=\"elementor-widget-container\">\n\t\t\t\t\t<h3 class=\"elementor-heading-title elementor-size-default\">Objetivo<\/h3>\t\t\t\t<\/div>\n\t\t\t\t<\/div>\n\t\t\t\t<div class=\"elementor-element elementor-element-571548a elementor-view-default ob-has-background-overlay elementor-widget elementor-widget-icon\" data-id=\"571548a\" data-element_type=\"widget\" data-e-type=\"widget\" data-settings=\"{&quot;_ob_poopart_use&quot;:&quot;yes&quot;}\" data-widget_type=\"icon.default\">\n\t\t\t\t<div class=\"elementor-widget-container\">\n\t\t\t\t\t\t\t<div class=\"elementor-icon-wrapper\">\n\t\t\t<div class=\"elementor-icon\">\n\t\t\t<i aria-hidden=\"true\" class=\"hm hm-angle-down\"><\/i>\t\t\t<\/div>\n\t\t<\/div>\n\t\t\t\t\t\t<\/div>\n\t\t\t\t<\/div>\n\t\t\t\t<div class=\"elementor-element elementor-element-94535b1 ob-has-background-overlay elementor-widget elementor-widget-text-editor\" data-id=\"94535b1\" data-element_type=\"widget\" data-e-type=\"widget\" data-settings=\"{&quot;_ob_poopart_use&quot;:&quot;yes&quot;}\" data-widget_type=\"text-editor.default\">\n\t\t\t\t<div class=\"elementor-widget-container\">\n\t\t\t\t\t\t\t\t\t<p>Complementar las acciones de orientaci\u00f3n y asesoramiento que lleven a cabo las personas usuarias del Plan y dotarlas de una mayor empleabilidad, ya sea a trav\u00e9s de una recualificaci\u00f3n profesional o mediante un aumento de sus competencias, adecu\u00e1ndolas a las necesidades y demandas del mercado laboral actual.<\/p>\n\t\t\t\t\t\t\t\t<\/div>\n\t\t\t\t<\/div>\n\t\t\t\t\t<\/div>\n\t\t<\/div>\n\t\t\t\t\t<\/div>\n\t\t<\/section>\n\t\t\t\t<div class=\"elementor-element elementor-element-29e6c41 ob-has-background-overlay elementor-widget elementor-widget-html\" data-id=\"29e6c41\" data-element_type=\"widget\" data-e-type=\"widget\" data-settings=\"{&quot;_ob_poopart_use&quot;:&quot;yes&quot;}\" data-widget_type=\"html.default\">\n\t\t\t\t<div class=\"elementor-widget-container\">\n\t\t\t\t\t<style>\n    .elementor-lightbox .elementor-lightbox-image {;\n    border-radius: 10px;\n    background: white;\n    padding: 30px;\n}\n.dialog-type-lightbox {\n    background-color: rgba(0,0,0,.8);\n    background-color: rgba(10, 77, 166, .7)\n}\n.elementor-image-carousel-wrapper{\n    background-color: #fff;\n    border: 2px solid var(--e-global-color-fadb4eb);\n    border-radius: 10px!important;\n    padding: 10px;\n}\n.elementor-image-carousel-wrapper {;\n                 -moz-transition: all .3s;\n    -webkit-transition: all .3s;\n    transition: all .3s;\n     box-shadow: 0px 0px 30px 0px rgba(0, 0, 0, 0);\n     padding: 20px!important;\n}\n.elementor-image-carousel-wrapper:hover{\nbox-shadow: 0px 5px 10px 0px rgba(0,0,0,0.1);\n}\n<\/style>\t\t\t\t<\/div>\n\t\t\t\t<\/div>\n\t\t\t\t<div class=\"elementor-element elementor-element-2026ba8 elementor-view-default ob-has-background-overlay elementor-widget elementor-widget-icon\" data-id=\"2026ba8\" data-element_type=\"widget\" data-e-type=\"widget\" data-settings=\"{&quot;_ob_poopart_use&quot;:&quot;yes&quot;}\" data-widget_type=\"icon.default\">\n\t\t\t\t<div class=\"elementor-widget-container\">\n\t\t\t\t\t\t\t<div class=\"elementor-icon-wrapper\">\n\t\t\t<div class=\"elementor-icon\">\n\t\t\t<i aria-hidden=\"true\" class=\"hm hm-angle-down\"><\/i>\t\t\t<\/div>\n\t\t<\/div>\n\t\t\t\t\t\t<\/div>\n\t\t\t\t<\/div>\n\t\t\t\t<section class=\"ob-is-breaking-bad ob-bb-inner elementor-section elementor-inner-section elementor-element elementor-element-ef37a03 custom_objetivos elementor-reverse-mobile elementor-section-boxed elementor-section-height-default elementor-section-height-default\" data-id=\"ef37a03\" data-element_type=\"section\" data-e-type=\"section\" data-settings=\"{&quot;jet_parallax_layout_list&quot;:[],&quot;_ob_bbad_use_it&quot;:&quot;yes&quot;,&quot;_ob_bbad_sssic_use&quot;:&quot;no&quot;}\">\n\t\t\t\t\t\t<div class=\"elementor-container elementor-column-gap-default\">\n\t\t\t\t\t<div class=\"elementor-column elementor-col-100 elementor-inner-column elementor-element elementor-element-1cad25a\" data-id=\"1cad25a\" data-element_type=\"column\" data-e-type=\"column\" data-settings=\"{&quot;_ob_bbad_is_stalker&quot;:&quot;no&quot;,&quot;_ob_column_has_pseudo&quot;:&quot;no&quot;}\">\n\t\t\t<div class=\"elementor-widget-wrap elementor-element-populated\">\n\t\t\t\t\t\t<div class=\"elementor-element elementor-element-3355778 custom-grafico_ elementor-arrows-position-inside elementor-pagination-position-outside ob-has-background-overlay elementor-widget elementor-widget-image-carousel\" data-id=\"3355778\" data-element_type=\"widget\" data-e-type=\"widget\" data-settings=\"{&quot;slides_to_show&quot;:&quot;1&quot;,&quot;navigation&quot;:&quot;both&quot;,&quot;autoplay&quot;:&quot;yes&quot;,&quot;pause_on_hover&quot;:&quot;yes&quot;,&quot;pause_on_interaction&quot;:&quot;yes&quot;,&quot;autoplay_speed&quot;:5000,&quot;infinite&quot;:&quot;yes&quot;,&quot;effect&quot;:&quot;slide&quot;,&quot;speed&quot;:500,&quot;_ob_poopart_use&quot;:&quot;yes&quot;}\" data-widget_type=\"image-carousel.default\">\n\t\t\t\t<div class=\"elementor-widget-container\">\n\t\t\t\t\t\t\t<div class=\"elementor-image-carousel-wrapper swiper\" role=\"region\" aria-roledescription=\"carousel\" aria-label=\"Carrusel de im\u00e1genes\" dir=\"ltr\">\n\t\t\t<div class=\"elementor-image-carousel swiper-wrapper swiper-image-stretch\" aria-live=\"off\">\n\t\t\t\t\t\t\t\t<div class=\"swiper-slide\" role=\"group\" aria-roledescription=\"slide\" aria-label=\"1 de 1\"><a data-elementor-open-lightbox=\"yes\" data-elementor-lightbox-slideshow=\"3355778\" data-elementor-lightbox-title=\"Grafico Formacion.es\" data-e-action-hash=\"#elementor-action%3Aaction%3Dlightbox%26settings%3DeyJpZCI6MTEwNiwidXJsIjoiaHR0cHM6XC9cL2VtcHJlZ2FsLmdhbFwvd3AtY29udGVudFwvdXBsb2Fkc1wvMjAyM1wvMTBcL0dyYWZpY28tRm9ybWFjaW9uLmVzXy5zdmciLCJzbGlkZXNob3ciOiIzMzU1Nzc4In0%3D\" href=\"https:\/\/empregal.gal\/wp-content\/uploads\/2023\/10\/Grafico-Formacion.es_.svg\"><figure class=\"swiper-slide-inner\"><img decoding=\"async\" src=\"https:\/\/empregal.gal\/wp-content\/uploads\/2023\/10\/Grafico-Formacion.es_.svg\" alt=\"infograf\u00eda sector aluminio\" class=\"swiper-slide-image\" width=\"0\" height=\"0\" \/><\/figure><\/a><\/div>\t\t\t<\/div>\n\t\t\t\t\t<\/div>\n\t\t\t\t\t\t<\/div>\n\t\t\t\t<\/div>\n\t\t\t\t\t<\/div>\n\t\t<\/div>\n\t\t\t\t\t<\/div>\n\t\t<\/section>\n\t\t\t\t\t<\/div>\n\t\t<\/div>\n\t\t\t\t\t<\/div>\n\t\t<\/section>\n\t\t\t\t<section class=\"ob-is-breaking-bad elementor-section elementor-top-section elementor-element elementor-element-9336ca1 elementor-section-boxed elementor-section-height-default elementor-section-height-default\" data-id=\"9336ca1\" data-element_type=\"section\" data-e-type=\"section\" data-settings=\"{&quot;jet_parallax_layout_list&quot;:[],&quot;background_background&quot;:&quot;gradient&quot;,&quot;_ob_bbad_use_it&quot;:&quot;yes&quot;,&quot;_ob_bbad_sssic_use&quot;:&quot;no&quot;}\">\n\t\t\t\t\t\t<div class=\"elementor-container elementor-column-gap-no\">\n\t\t\t\t\t<div class=\"elementor-column elementor-col-100 elementor-top-column elementor-element elementor-element-f6167de\" data-id=\"f6167de\" data-element_type=\"column\" data-e-type=\"column\" data-settings=\"{&quot;_ob_bbad_is_stalker&quot;:&quot;no&quot;,&quot;_ob_column_has_pseudo&quot;:&quot;no&quot;}\">\n\t\t\t<div class=\"elementor-widget-wrap elementor-element-populated\">\n\t\t\t\t\t\t<section class=\"ob-is-breaking-bad ob-bb-inner elementor-section elementor-inner-section elementor-element elementor-element-0301f57 custom_med_3 elementor-section-boxed elementor-section-height-default elementor-section-height-default\" data-id=\"0301f57\" data-element_type=\"section\" data-e-type=\"section\" data-settings=\"{&quot;jet_parallax_layout_list&quot;:[],&quot;_ob_bbad_use_it&quot;:&quot;yes&quot;,&quot;_ob_bbad_sssic_use&quot;:&quot;no&quot;}\">\n\t\t\t\t\t\t<div class=\"elementor-container elementor-column-gap-default\">\n\t\t\t\t\t<div class=\"elementor-column elementor-col-50 elementor-inner-column elementor-element elementor-element-ef56c47\" data-id=\"ef56c47\" data-element_type=\"column\" data-e-type=\"column\" data-settings=\"{&quot;_ob_bbad_is_stalker&quot;:&quot;no&quot;,&quot;_ob_column_has_pseudo&quot;:&quot;no&quot;}\">\n\t\t\t<div class=\"elementor-widget-wrap elementor-element-populated\">\n\t\t\t\t\t\t<div class=\"jet-satellite-widget elementor-element elementor-element-ee82e80 custom-box ha-has-bg-overlay ob-has-background-overlay elementor-widget elementor-widget-image-box\" data-jet-tricks-settings=\"{&quot;satellite&quot;:&quot;true&quot;,&quot;satelliteType&quot;:&quot;icon&quot;,&quot;satellitePosition&quot;:&quot;top-right&quot;}\" data-id=\"ee82e80\" data-element_type=\"widget\" data-e-type=\"widget\" data-settings=\"{&quot;_ob_poopart_use&quot;:&quot;yes&quot;}\" data-widget_type=\"image-box.default\">\n\t\t\t\t<div class=\"elementor-widget-container\">\n\t\t\t\t\t<div class=\"jet-tricks-satellite jet-tricks-satellite--top-right\"><div class=\"jet-tricks-satellite__inner\"><div class=\"jet-tricks-satellite__icon\"><div class=\"jet-tricks-satellite__icon-instance jet-tricks-icon\"><i aria-hidden=\"true\" class=\"jki jki-check-light\"><\/i><\/div><\/div><\/div><\/div><div class=\"elementor-image-box-wrapper\"><div class=\"elementor-image-box-content\"><h3 class=\"elementor-image-box-title\">Formaci\u00f3n transversal<\/h3><p class=\"elementor-image-box-description\">Programa de formaci\u00f3n compuesto por distintos cursos de contenido eminentemente pr\u00e1ctico y de corta duraci\u00f3n, destinados a la adquisici\u00f3n de competencias transversales necesarias para el desempe\u00f1o profesional y enfocados a las necesidades espec\u00edficas de cada una de las personas participantes, detectadas en el proceso de definici\u00f3n de su itinerario personalizado, haciendo hincapi\u00e9 en aquellas carencias y habilidades que pueda tener relacionadas con las habilidades de comunicaci\u00f3n, tecnolog\u00edas de la informaci\u00f3n y comunicaci\u00f3n, idiomas, entre otras.\n\n<p>Como ejemplo de cursos de formaci\u00f3n transversal, podemos se\u00f1alar:<\/p>\n\n<ul>\n  <li>Tecnolog\u00edas de Anal\u00edtica, Gesti\u00f3n y Control<\/li>\n  <li>Aut\u00f3matas programables<\/li>\n  <li>Interpretaci\u00f3n de planos<\/li>\n  <li>Operador de carretillas o plataformas elevadoras<\/li>\n  <li>Sistemas de gesti\u00f3n eficaces<\/li>\n  <li>Nivel b\u00e1sico de prevenci\u00f3n de riesgos laborales y en concreto de las actividades del metal en la construcci\u00f3n<\/li>\n  <li>Inform\u00e1tica empresarial<\/li>\n  <li>Excel avanzado y financiero<\/li>\n  <li>Ingl\u00e9s t\u00e9cnico<\/li>\n<\/ul>\n\n<p>Adicionalmente, para aquellas personas que no tengan estudios secundarios, se proporcionar\u00e1n cursos formativos para la <strong>Obtenci\u00f3n del t\u00edtulo de Graduado en Educaci\u00f3n Secundaria<\/strong>.<\/p>\n<\/p><\/div><\/div>\t\t\t\t<\/div>\n\t\t\t\t<\/div>\n\t\t\t\t<div class=\"jet-satellite-widget elementor-element elementor-element-73f3a0c custom-box ha-has-bg-overlay ob-has-background-overlay elementor-widget elementor-widget-image-box\" data-jet-tricks-settings=\"{&quot;satellite&quot;:&quot;true&quot;,&quot;satelliteType&quot;:&quot;icon&quot;,&quot;satellitePosition&quot;:&quot;top-right&quot;}\" data-id=\"73f3a0c\" data-element_type=\"widget\" data-e-type=\"widget\" data-settings=\"{&quot;_ob_poopart_use&quot;:&quot;yes&quot;}\" data-widget_type=\"image-box.default\">\n\t\t\t\t<div class=\"elementor-widget-container\">\n\t\t\t\t\t<div class=\"jet-tricks-satellite jet-tricks-satellite--top-right\"><div class=\"jet-tricks-satellite__inner\"><div class=\"jet-tricks-satellite__icon\"><div class=\"jet-tricks-satellite__icon-instance jet-tricks-icon\"><i aria-hidden=\"true\" class=\"jki jki-check-light\"><\/i><\/div><\/div><\/div><\/div><div class=\"elementor-image-box-wrapper\"><div class=\"elementor-image-box-content\"><h3 class=\"elementor-image-box-title\">Formaci\u00f3n en autoempleo<\/h3><p class=\"elementor-image-box-description\">Se dirige a la promoci\u00f3n del esp\u00edritu empresarial y la asistencia con miras al establecimiento por cuenta propia. Tiene una doble vertiente: el autoempleo dentro del sector del aluminio, aprovechando los conocimientos b\u00e1sicos de las personas usuarias del Plan, y el autoempleo fuera del sector, desarrollando cualquier otra actividad econ\u00f3mica.\n\n<p>En concreto, en el marco de este programa llevar\u00e1n a cabo las siguientes actividades:<\/p>\n\n<h6><strong>I. Escuela de emprendedores<\/strong><\/h6>\nEsta medida abarca la <strong>capacitaci\u00f3n como emprendedor y an\u00e1lisis de los retos y oportunidades del sector<\/strong>, a trav\u00e9s de la <strong>formaci\u00f3n espec\u00edfica <\/strong>sobre la formulaci\u00f3n del proyecto y dise\u00f1o del Plan de negocio.\n\nEn el marco de esta acci\u00f3n se contempla que los futuros emprendedores inicien su capacitaci\u00f3n en t\u00e9rminos de gesti\u00f3n empresarial y emprendimiento, dot\u00e1ndolos de la <strong>formaci\u00f3n necesaria para el dise\u00f1o del modelo de negocio y la elaboraci\u00f3n del Plan de Empresa.<\/strong> En concreto, se contempla la realizaci\u00f3n de acciones formativas de corta duraci\u00f3n (40-60 horas), a trav\u00e9s de las cuales se les dotar\u00e1 a los futuros emprendedores de los conocimientos necesarios para plasmar sus ideas de negocio y evaluar, de forma realista, su viabilidad.\n\n<p>Como <strong>ejemplo concreto de posibles cursos de formaci\u00f3n en autoempleo<\/strong>, podemos se\u00f1alar:<\/p>\n<ul>\n \t<li>Curso de creaci\u00f3n y administraci\u00f3n de empresas<\/li>\n \t<li>Creaci\u00f3n de un plan de empresa<\/li>\n \t<li>Desarrollo de habilidades en autoempleo<\/li>\n \t<li>Gesti\u00f3n b\u00e1sica de Pymes<\/li>\n<\/ul>\n\n<h6><strong>II. Asesor\u00eda de emprendedores<\/strong><\/h6>\nEn concreto, con esta acci\u00f3n se pretende complementar la formaci\u00f3n te\u00f3rico-pr\u00e1ctica ofrecida en la acci\u00f3n \"Escuela de Emprendedores\" de tal manera que todos aquellos emprendedores que participen en alguna acci\u00f3n formativa orientada al emprendimiento, y as\u00ed lo soliciten, tengan <strong>a su disposici\u00f3n un tutor que les asesore de forma personalizada en su proyecto empresarial<\/strong>.\n\nAs\u00ed, el objetivo de esta acci\u00f3n es facilitar al emprendedor, de una forma pr\u00e1ctica y personalizada, la <strong>puesta en marcha de su negocio<\/strong>, en cualquiera de las fases de arranque y constituci\u00f3n del mismo.\n\n<p>Se contempla el formato de <strong>tutor\u00edas individuales<\/strong> en las que se lleven a cabo tareas de apoyo y asesoramiento en materia de empleo y nuevas oportunidades de negocio, a trav\u00e9s de las siguientes l\u00edneas de actuaci\u00f3n:<\/p>\n<ul>\n \t<li><u><strong>Informaci\u00f3n sobre<\/strong><\/u>\nAyudas p\u00fablicas para el establecimiento de nuevas empresas o aut\u00f3nomos; novedades fiscales que favorecen el emprendimiento; etc.<\/li>\n \t<li><u><strong>Asesoramiento<\/strong><\/u>\nen el desarrollo de los proyectos empresariales: Elaboraci\u00f3n de un plan de empresa; b\u00fasqueda de financiamiento; negociaci\u00f3n en el proceso de compra; b\u00fasqueda del centro de negocio m\u00e1s id\u00f3neo, etc.<\/li>\n \t<li><strong><u>Identificaci\u00f3n<\/u>\nde diferentes negocios susceptibles de traspaso<\/strong>, a trav\u00e9s de diversos medios:\n<ul>\n \t<li>Reuni\u00f3n con asociaciones de comerciantes para detectar asociados con inter\u00e9s en traspasar su negocio<\/li>\n \t<li>Informaci\u00f3n sobre f\u00f3rmulas de emprendimiento en econom\u00eda social.<\/li>\n \t<li>B\u00fasqueda en internet de ventas o traspasos de negocios<\/li>\n \t<li>B\u00fasqueda en la prensa escrita<\/li>\n \t<li>Contactos directos<\/li>\n<\/ul>\n<\/li>\n<\/ul>\n<\/p><\/div><\/div>\t\t\t\t<\/div>\n\t\t\t\t<\/div>\n\t\t\t\t\t<\/div>\n\t\t<\/div>\n\t\t\t\t<div class=\"elementor-column elementor-col-50 elementor-inner-column elementor-element elementor-element-25c7f04\" data-id=\"25c7f04\" data-element_type=\"column\" data-e-type=\"column\" data-settings=\"{&quot;_ob_bbad_is_stalker&quot;:&quot;no&quot;,&quot;_ob_column_has_pseudo&quot;:&quot;no&quot;}\">\n\t\t\t<div class=\"elementor-widget-wrap elementor-element-populated\">\n\t\t\t\t\t\t<div class=\"jet-satellite-widget elementor-element elementor-element-e3bc487 custom-box ha-has-bg-overlay ob-has-background-overlay elementor-widget elementor-widget-image-box\" data-jet-tricks-settings=\"{&quot;satellite&quot;:&quot;true&quot;,&quot;satelliteType&quot;:&quot;icon&quot;,&quot;satellitePosition&quot;:&quot;top-right&quot;}\" data-id=\"e3bc487\" data-element_type=\"widget\" data-e-type=\"widget\" data-settings=\"{&quot;_ob_poopart_use&quot;:&quot;yes&quot;}\" data-widget_type=\"image-box.default\">\n\t\t\t\t<div class=\"elementor-widget-container\">\n\t\t\t\t\t<div class=\"jet-tricks-satellite jet-tricks-satellite--top-right\"><div class=\"jet-tricks-satellite__inner\"><div class=\"jet-tricks-satellite__icon\"><div class=\"jet-tricks-satellite__icon-instance jet-tricks-icon\"><i aria-hidden=\"true\" class=\"jki jki-check-light\"><\/i><\/div><\/div><\/div><\/div><div class=\"elementor-image-box-wrapper\"><div class=\"elementor-image-box-content\"><h3 class=\"elementor-image-box-title\">Formaci\u00f3n especializada dentro del sector<\/h3><p class=\"elementor-image-box-description\">Este programa estar\u00e1 compuesto por diferentes cursos destinados a proporcionar una mejora en la cualificaci\u00f3n profesional en base a la <strong>ampliaci\u00f3n de conocimientos<\/strong> relacionados con las tareas desarrolladas en el sector del aluminio e incluso a novedades t\u00e9cnicas dentro del sector en puntos de nueva empleabilidad como consecuencia de avances tecnol\u00f3gicos.\n\n<p>As\u00ed, este programa tiene como objetivo <strong>orientar a las personas desempleadas hacia otras ocupaciones de mayor valor a\u00f1adido dentro del sector de aluminio<\/strong>, por ejemplo, en actividades de extrusi\u00f3n, mecanizado, laminado, fundiciones (plantas de refusi\u00f3n y aleaciones a medida) o carpinter\u00eda met\u00e1lica de empresas gallegas referentes del sector en Europa y fabricantes y distribuidores de sistemas de aluminio para arquitectura en Espa\u00f1a y Portugal.<\/p>\n\n<ul>\n  <li>Identificaci\u00f3n de puestos de trabajo con valor a\u00f1adido<\/li>\n  <li>Dise\u00f1o de la formaci\u00f3n necesaria para optar a esos puestos en funci\u00f3n del perfil de cada desempleado.<\/li>\n<\/ul>\n\n<p>Como ejemplo concreto de cursos <strong>de formaci\u00f3n dentro del sector<\/strong>, podr\u00edamos se\u00f1alar:<\/p>\n\n<ul>\n  <li>Aleaciones a medida<\/li>\n  <li>Tratamiento de aluminios<\/li>\n  <li>Realidad virtual y realidad aumentada<\/li>\n  <li>Soluciones CAD\/CAM aplicadas a piezas y construcciones de aluminio<\/li>\n  <li>Tecnolog\u00edas de control dimensional 3D aplicadas al sector del aluminio<\/li>\n  <li>Procesos b\u00e1sicos de soldadura<\/li>\n  <li>T\u00e9cnicas innovadoras de soldadura FSW e l\u00e1ser MAG<\/li>\n  <li>Sistemas de soldadura de arco el\u00e9ctrico monitorizados<\/li>\n  <li>Homologaci\u00f3n de soldadura<\/li>\n  <li>Soldadura semiautom\u00e1tica MIG\/MAG<\/li>\n  <li>Trazado y mecanizado de tuber\u00eda<\/li>\n  <li>Soldadura l\u00e1ser h\u00edbrida<\/li>\n  <li>Fabricaci\u00f3n aditiva l\u00e1ser de componentes<\/li>\n<\/ul>\n\n<p>Por \u00faltimo, cabe se\u00f1alar el <strong>alto valor a\u00f1adido<\/strong> que este tipo de formaci\u00f3n implicar\u00e1 en las personas participantes ya que <strong>se llevar\u00e1n a cabo acciones formativas orientadas a adquirir el perfil que se prev\u00e9 que las empresas del sector demanden<\/strong> con la introducci\u00f3n de la industria 4.0.<\/p>\n<\/p><\/div><\/div>\t\t\t\t<\/div>\n\t\t\t\t<\/div>\n\t\t\t\t<div class=\"jet-satellite-widget elementor-element elementor-element-fd7b8e5 custom-box ha-has-bg-overlay ob-has-background-overlay elementor-widget elementor-widget-image-box\" data-jet-tricks-settings=\"{&quot;satellite&quot;:&quot;true&quot;,&quot;satelliteType&quot;:&quot;icon&quot;,&quot;satellitePosition&quot;:&quot;top-right&quot;}\" data-id=\"fd7b8e5\" data-element_type=\"widget\" data-e-type=\"widget\" data-settings=\"{&quot;_ob_poopart_use&quot;:&quot;yes&quot;}\" data-widget_type=\"image-box.default\">\n\t\t\t\t<div class=\"elementor-widget-container\">\n\t\t\t\t\t<div class=\"jet-tricks-satellite jet-tricks-satellite--top-right\"><div class=\"jet-tricks-satellite__inner\"><div class=\"jet-tricks-satellite__icon\"><div class=\"jet-tricks-satellite__icon-instance jet-tricks-icon\"><i aria-hidden=\"true\" class=\"jki jki-check-light\"><\/i><\/div><\/div><\/div><\/div><div class=\"elementor-image-box-wrapper\"><div class=\"elementor-image-box-content\"><h3 class=\"elementor-image-box-title\">Formaci\u00f3n de recualificaci\u00f3n profesional fuera del sector<\/h3><p class=\"elementor-image-box-description\">Programa de formaci\u00f3n creado para dotar a las personas trabajadoras de una mayor empleabilidad, ya sea a trav\u00e9s de una recualificaci\u00f3n profesional o mediante un aumento de sus competencias laborales a trav\u00e9s de acciones de formaci\u00f3n de reciclaje orientadas a otros sectores de inter\u00e9s capaces de absorber a personas desempleadas del sector del aluminio.\n\n<p>El procedimiento a seguir ser\u00e1:<\/p>\n\n<ol>\n  <li>Identificaci\u00f3n de ocupaciones en otros sectores de inter\u00e9s capaces de absorber a personas desempleadas del sector del aluminio.<\/li>\n  <li>Preformaci\u00f3n laboral para insertar a profesionales en un nuevo sector laboral.<\/li>\n  <li>Formaci\u00f3n espec\u00edfica para el nuevo puesto de trabajo.<\/li>\n<\/ol>\n\nComo <strong>ejemplo concreto de posibles cursos de formaci\u00f3n de recualificaci\u00f3n profesional fuera del sector<\/strong>, analizados con las organizaciones sindicales, en aras de anticipar las perspectivas en el mercado laboral y las competencias exigidas, podemos se\u00f1alar:\n<ul>\n  <li>Carpintero met\u00e1lico y de PVC<\/li>\n  <li>Carpinter\u00eda de cierres de aluminio y PVC<\/li>\n  <li>Log\u00edstica, puesta en marcha y mantenimiento de parques e\u00f3licos<\/li>\n  <li>Dise\u00f1o y mantenimiento de instalaciones de energ\u00eda solar fotovoltaica<\/li>\n  <li>Energ\u00eda solar t\u00e9rmica<\/li>\n  <li>T\u00e9cnico de sistemas de energ\u00edas renovables<\/li>\n  <li>Dise\u00f1o y montaje de instalaciones fotovoltaicas y t\u00e9rmicas<\/li>\n  <li>Mantenimiento de instalaciones automatizadas controladas por aut\u00f3matas programables<\/li>\n  <li>Mantenimiento remoto de instalaciones automatizadas<\/li>\n  <li>Mantenimiento industrial<\/li>\n<\/ul>\n<\/p><\/div><\/div>\t\t\t\t<\/div>\n\t\t\t\t<\/div>\n\t\t\t\t\t<\/div>\n\t\t<\/div>\n\t\t\t\t\t<\/div>\n\t\t<\/section>\n\t\t\t\t\t<\/div>\n\t\t<\/div>\n\t\t\t\t\t<\/div>\n\t\t<\/section>\n\t\t\t\t<section class=\"ob-is-breaking-bad elementor-section elementor-top-section elementor-element elementor-element-0224703 elementor-section-boxed elementor-section-height-default elementor-section-height-default\" data-id=\"0224703\" data-element_type=\"section\" data-e-type=\"section\" data-settings=\"{&quot;jet_parallax_layout_list&quot;:[],&quot;_ob_bbad_use_it&quot;:&quot;yes&quot;,&quot;_ob_bbad_sssic_use&quot;:&quot;no&quot;}\">\n\t\t\t\t\t\t<div class=\"elementor-container elementor-column-gap-no\">\n\t\t\t\t\t<div class=\"elementor-column elementor-col-100 elementor-top-column elementor-element elementor-element-b7bbd9c\" data-id=\"b7bbd9c\" data-element_type=\"column\" data-e-type=\"column\" data-settings=\"{&quot;_ob_bbad_is_stalker&quot;:&quot;no&quot;,&quot;_ob_column_has_pseudo&quot;:&quot;no&quot;}\">\n\t\t\t<div class=\"elementor-widget-wrap elementor-element-populated\">\n\t\t\t\t\t\t<div class=\"elementor-element elementor-element-9b43e65 ob-has-background-overlay elementor-widget elementor-widget-html\" data-id=\"9b43e65\" data-element_type=\"widget\" data-e-type=\"widget\" data-settings=\"{&quot;_ob_poopart_use&quot;:&quot;yes&quot;}\" data-widget_type=\"html.default\">\n\t\t\t\t<div class=\"elementor-widget-container\">\n\t\t\t\t\t<style>\n.custom_med_3 {\n  font-size: 15px;\n  color:white;\n  line-height: 1.3em!important;\n}\n.custom_med_3 p{\n  font-size: 15px;\n  margin-top: 10px!important;\n}\n.custom_med_3 p:last-child{\n  margin-bottom: -10px!important;\n}\n.custom_med_3 {\n  font-size: 15px;\n  margin: 0;\n  list-style:none;\n  list-style-type: square;\n  padding: 0 .2em;\n  line-height: 1.2em;\n  margin-top: 1em;\n  position: relative;\n  color:white;\n}\n.custom_med_3 ol li,\n.custom_med_3 ul li {\n  font-size: 15px;\n  margin: 0;\n  list-style:none;\n  list-style-type: square;\n  padding: 0 .2em;\n  line-height: 1.2em;\n  margin-top: 1em;\n  position: relative;\n  color:white;\n  font-size: 14px!important;\n  font-weight: 500;\n}\n.custom_med_3 ol,\n.custom_med_3  ul {\n  padding-left: 14px;\n  flex-direction: row;\n  align-items: center;\n  justify-content: start;\n  background-color: #1357b3;\n  padding-bottom: 15px;\n  padding-right: 5px;\n  padding-left: 30px;\n  padding-top: 1px;\n  border-radius: 5px;\n  margin-top: 20px;\n  margin-bottom: 20px;\n}\n.custom_med_3  ol li::marker,\n.custom_med_3  ul li::marker{\n    color: var( --e-global-color-secondary );\n    color:var(--e-global-color-8dd78fd);\n    color:var(--e-global-color-8b49d22);\n}\n\n.custom_med_3 ol {\n  list-style-type: none;\n  counter-reset: ordered;\n}\n.custom_med_3 ol li::before {\n  border: 2px solid var(--e-global-color-8b49d22);;\n  border-radius: 50%;\n  font-size: 11px;\n  color: var(--e-global-color-8b49d22);\n  color:white;\n  content: counter(ordered);\n  counter-increment: ordered;\n  display: inline-block;\n  font-weight: 600;\n  margin-left: -30px;\n  margin-top: 0px;\n  width: 20px;\n  height: 20px;\n  display: flex;\n  align-items: center;\n  justify-content: center;\n  position: absolute;\n}\n.custom_med_3 ol li {\n    list-style: none;\n  padding-left: 15px;\n}\n<\/style>\t\t\t\t<\/div>\n\t\t\t\t<\/div>\n\t\t\t\t\t<\/div>\n\t\t<\/div>\n\t\t\t\t\t<\/div>\n\t\t<\/section>\n\t\t\t\t<section class=\"ob-is-breaking-bad elementor-section elementor-top-section elementor-element elementor-element-de6a785 elementor-section-full_width elementor-hidden-desktop elementor-hidden-tablet elementor-hidden-mobile elementor-section-height-default elementor-section-height-default\" data-id=\"de6a785\" data-element_type=\"section\" data-e-type=\"section\" data-settings=\"{&quot;jet_parallax_layout_list&quot;:[],&quot;_ob_bbad_use_it&quot;:&quot;yes&quot;,&quot;_ob_bbad_sssic_use&quot;:&quot;no&quot;}\">\n\t\t\t\t\t\t<div class=\"elementor-container elementor-column-gap-no\">\n\t\t\t\t\t<div class=\"ob-is-pseudo elementor-column elementor-col-100 elementor-top-column elementor-element elementor-element-b87bebd\" data-id=\"b87bebd\" data-element_type=\"column\" data-e-type=\"column\" data-settings=\"{&quot;background_background&quot;:&quot;classic&quot;,&quot;_ob_column_has_pseudo&quot;:&quot;yes&quot;,&quot;_ob_pseudo_before_popover_whyxrot&quot;:&quot;yes&quot;,&quot;_ob_bbad_is_stalker&quot;:&quot;no&quot;}\">\n\t\t\t<div class=\"elementor-widget-wrap elementor-element-populated\">\n\t\t\t\t\t<div class=\"elementor-background-overlay\"><\/div>\n\t\t\t\t\t\t\t<\/div>\n\t\t<\/div>\n\t\t\t\t\t<\/div>\n\t\t<\/section>\n\t\t\t\t<\/div>\n\t\t","protected":false},"excerpt":{"rendered":"<p>Plan de medidas empregAL Programa de Formaci\u00f3n Objetivo Complementar las acciones de orientaci\u00f3n y asesoramiento que lleven a cabo las personas usuarias del Plan y dotarlas de una mayor empleabilidad, ya sea a trav\u00e9s de una recualificaci\u00f3n profesional o mediante un aumento de sus competencias, adecu\u00e1ndolas a las necesidades y demandas del mercado laboral actual. [&hellip;]<\/p>\n","protected":false},"author":1,"featured_media":0,"parent":0,"menu_order":0,"comment_status":"closed","ping_status":"closed","template":"","meta":{"footnotes":""},"class_list":["post-2491","page","type-page","status-publish","hentry"],"yoast_head":"<!-- This site is optimized with the Yoast SEO plugin v28.4 - https:\/\/yoast.com\/product\/yoast-seo-wordpress\/ -->\n<title>Programa de formaci\u00f3n - EmpregAL - Novas oportunidades para o emprego<\/title>\n<meta name=\"robots\" content=\"index, follow, max-snippet:-1, max-image-preview:large, max-video-preview:-1\" \/>\n<link rel=\"canonical\" href=\"https:\/\/empregal.gal\/es\/programa-de-formacion\/\" \/>\n<meta property=\"og:locale\" content=\"es_ES\" \/>\n<meta property=\"og:type\" content=\"article\" \/>\n<meta property=\"og:title\" content=\"Programa de formaci\u00f3n - EmpregAL - Novas oportunidades para o emprego\" \/>\n<meta property=\"og:description\" content=\"Plan de medidas empregAL Programa de Formaci\u00f3n Objetivo Complementar las acciones de orientaci\u00f3n y asesoramiento que lleven a cabo las personas usuarias del Plan y dotarlas de una mayor empleabilidad, ya sea a trav\u00e9s de una recualificaci\u00f3n profesional o mediante un aumento de sus competencias, adecu\u00e1ndolas a las necesidades y demandas del mercado laboral actual. [&hellip;]\" \/>\n<meta property=\"og:url\" content=\"https:\/\/empregal.gal\/es\/programa-de-formacion\/\" \/>\n<meta property=\"og:site_name\" content=\"EmpregAL - Novas oportunidades para o emprego\" \/>\n<meta property=\"article:modified_time\" content=\"2023-11-16T09:24:07+00:00\" \/>\n<meta property=\"og:image\" content=\"https:\/\/empregal.gal\/wp-content\/uploads\/2023\/10\/Grafico-Formacion.es_.svg\" \/>\n<meta name=\"twitter:card\" content=\"summary_large_image\" \/>\n<meta name=\"twitter:label1\" content=\"Tiempo de lectura\" \/>\n\t<meta name=\"twitter:data1\" content=\"6 minutos\" \/>\n<script type=\"application\/ld+json\" class=\"yoast-schema-graph\">{\"@context\":\"https:\\\/\\\/schema.org\",\"@graph\":[{\"@type\":\"WebPage\",\"@id\":\"https:\\\/\\\/empregal.gal\\\/es\\\/programa-de-formacion\\\/\",\"url\":\"https:\\\/\\\/empregal.gal\\\/es\\\/programa-de-formacion\\\/\",\"name\":\"Programa de formaci\u00f3n - EmpregAL - Novas oportunidades para o emprego\",\"isPartOf\":{\"@id\":\"https:\\\/\\\/empregal.gal\\\/#website\"},\"primaryImageOfPage\":{\"@id\":\"https:\\\/\\\/empregal.gal\\\/es\\\/programa-de-formacion\\\/#primaryimage\"},\"image\":{\"@id\":\"https:\\\/\\\/empregal.gal\\\/es\\\/programa-de-formacion\\\/#primaryimage\"},\"thumbnailUrl\":\"https:\\\/\\\/empregal.gal\\\/wp-content\\\/uploads\\\/2023\\\/10\\\/Grafico-Formacion.es_.svg\",\"datePublished\":\"2023-10-17T14:20:58+00:00\",\"dateModified\":\"2023-11-16T09:24:07+00:00\",\"breadcrumb\":{\"@id\":\"https:\\\/\\\/empregal.gal\\\/es\\\/programa-de-formacion\\\/#breadcrumb\"},\"inLanguage\":\"es\",\"potentialAction\":[{\"@type\":\"ReadAction\",\"target\":[\"https:\\\/\\\/empregal.gal\\\/es\\\/programa-de-formacion\\\/\"]}]},{\"@type\":\"ImageObject\",\"inLanguage\":\"es\",\"@id\":\"https:\\\/\\\/empregal.gal\\\/es\\\/programa-de-formacion\\\/#primaryimage\",\"url\":\"https:\\\/\\\/empregal.gal\\\/wp-content\\\/uploads\\\/2023\\\/10\\\/Grafico-Formacion.es_.svg\",\"contentUrl\":\"https:\\\/\\\/empregal.gal\\\/wp-content\\\/uploads\\\/2023\\\/10\\\/Grafico-Formacion.es_.svg\"},{\"@type\":\"BreadcrumbList\",\"@id\":\"https:\\\/\\\/empregal.gal\\\/es\\\/programa-de-formacion\\\/#breadcrumb\",\"itemListElement\":[{\"@type\":\"ListItem\",\"position\":1,\"name\":\"Portada\",\"item\":\"https:\\\/\\\/empregal.gal\\\/es\\\/\"},{\"@type\":\"ListItem\",\"position\":2,\"name\":\"Programa de formaci\u00f3n\"}]},{\"@type\":\"WebSite\",\"@id\":\"https:\\\/\\\/empregal.gal\\\/#website\",\"url\":\"https:\\\/\\\/empregal.gal\\\/\",\"name\":\"EmpregAL\",\"description\":\"Medidas para a reinserci\u00f3n laboral das persoas do sector do aluminio\",\"publisher\":{\"@id\":\"https:\\\/\\\/empregal.gal\\\/#organization\"},\"potentialAction\":[{\"@type\":\"SearchAction\",\"target\":{\"@type\":\"EntryPoint\",\"urlTemplate\":\"https:\\\/\\\/empregal.gal\\\/?s={search_term_string}\"},\"query-input\":{\"@type\":\"PropertyValueSpecification\",\"valueRequired\":true,\"valueName\":\"search_term_string\"}}],\"inLanguage\":\"es\"},{\"@type\":\"Organization\",\"@id\":\"https:\\\/\\\/empregal.gal\\\/#organization\",\"name\":\"EmpregAL Novas oportunidades para o emprego\",\"url\":\"https:\\\/\\\/empregal.gal\\\/\",\"logo\":{\"@type\":\"ImageObject\",\"inLanguage\":\"es\",\"@id\":\"https:\\\/\\\/empregal.gal\\\/#\\\/schema\\\/logo\\\/image\\\/\",\"url\":\"https:\\\/\\\/empregal.gal\\\/wp-content\\\/uploads\\\/2023\\\/10\\\/empregAL.svg\",\"contentUrl\":\"https:\\\/\\\/empregal.gal\\\/wp-content\\\/uploads\\\/2023\\\/10\\\/empregAL.svg\",\"width\":301,\"height\":60,\"caption\":\"EmpregAL Novas oportunidades para o emprego\"},\"image\":{\"@id\":\"https:\\\/\\\/empregal.gal\\\/#\\\/schema\\\/logo\\\/image\\\/\"}}]}<\/script>\n<!-- \/ Yoast SEO plugin. -->","yoast_head_json":{"title":"Programa de formaci\u00f3n - EmpregAL - Novas oportunidades para o emprego","robots":{"index":"index","follow":"follow","max-snippet":"max-snippet:-1","max-image-preview":"max-image-preview:large","max-video-preview":"max-video-preview:-1"},"canonical":"https:\/\/empregal.gal\/es\/programa-de-formacion\/","og_locale":"es_ES","og_type":"article","og_title":"Programa de formaci\u00f3n - EmpregAL - Novas oportunidades para o emprego","og_description":"Plan de medidas empregAL Programa de Formaci\u00f3n Objetivo Complementar las acciones de orientaci\u00f3n y asesoramiento que lleven a cabo las personas usuarias del Plan y dotarlas de una mayor empleabilidad, ya sea a trav\u00e9s de una recualificaci\u00f3n profesional o mediante un aumento de sus competencias, adecu\u00e1ndolas a las necesidades y demandas del mercado laboral actual. [&hellip;]","og_url":"https:\/\/empregal.gal\/es\/programa-de-formacion\/","og_site_name":"EmpregAL - Novas oportunidades para o emprego","article_modified_time":"2023-11-16T09:24:07+00:00","og_image":[{"url":"https:\/\/empregal.gal\/wp-content\/uploads\/2023\/10\/Grafico-Formacion.es_.svg","type":"","width":"","height":""}],"twitter_card":"summary_large_image","twitter_misc":{"Tiempo de lectura":"6 minutos"},"schema":{"@context":"https:\/\/schema.org","@graph":[{"@type":"WebPage","@id":"https:\/\/empregal.gal\/es\/programa-de-formacion\/","url":"https:\/\/empregal.gal\/es\/programa-de-formacion\/","name":"Programa de formaci\u00f3n - EmpregAL - Novas oportunidades para o emprego","isPartOf":{"@id":"https:\/\/empregal.gal\/#website"},"primaryImageOfPage":{"@id":"https:\/\/empregal.gal\/es\/programa-de-formacion\/#primaryimage"},"image":{"@id":"https:\/\/empregal.gal\/es\/programa-de-formacion\/#primaryimage"},"thumbnailUrl":"https:\/\/empregal.gal\/wp-content\/uploads\/2023\/10\/Grafico-Formacion.es_.svg","datePublished":"2023-10-17T14:20:58+00:00","dateModified":"2023-11-16T09:24:07+00:00","breadcrumb":{"@id":"https:\/\/empregal.gal\/es\/programa-de-formacion\/#breadcrumb"},"inLanguage":"es","potentialAction":[{"@type":"ReadAction","target":["https:\/\/empregal.gal\/es\/programa-de-formacion\/"]}]},{"@type":"ImageObject","inLanguage":"es","@id":"https:\/\/empregal.gal\/es\/programa-de-formacion\/#primaryimage","url":"https:\/\/empregal.gal\/wp-content\/uploads\/2023\/10\/Grafico-Formacion.es_.svg","contentUrl":"https:\/\/empregal.gal\/wp-content\/uploads\/2023\/10\/Grafico-Formacion.es_.svg"},{"@type":"BreadcrumbList","@id":"https:\/\/empregal.gal\/es\/programa-de-formacion\/#breadcrumb","itemListElement":[{"@type":"ListItem","position":1,"name":"Portada","item":"https:\/\/empregal.gal\/es\/"},{"@type":"ListItem","position":2,"name":"Programa de formaci\u00f3n"}]},{"@type":"WebSite","@id":"https:\/\/empregal.gal\/#website","url":"https:\/\/empregal.gal\/","name":"EmpregAL","description":"Medidas para a reinserci\u00f3n laboral das persoas do sector do aluminio","publisher":{"@id":"https:\/\/empregal.gal\/#organization"},"potentialAction":[{"@type":"SearchAction","target":{"@type":"EntryPoint","urlTemplate":"https:\/\/empregal.gal\/?s={search_term_string}"},"query-input":{"@type":"PropertyValueSpecification","valueRequired":true,"valueName":"search_term_string"}}],"inLanguage":"es"},{"@type":"Organization","@id":"https:\/\/empregal.gal\/#organization","name":"EmpregAL Novas oportunidades para o emprego","url":"https:\/\/empregal.gal\/","logo":{"@type":"ImageObject","inLanguage":"es","@id":"https:\/\/empregal.gal\/#\/schema\/logo\/image\/","url":"https:\/\/empregal.gal\/wp-content\/uploads\/2023\/10\/empregAL.svg","contentUrl":"https:\/\/empregal.gal\/wp-content\/uploads\/2023\/10\/empregAL.svg","width":301,"height":60,"caption":"EmpregAL Novas oportunidades para o emprego"},"image":{"@id":"https:\/\/empregal.gal\/#\/schema\/logo\/image\/"}}]}},"_links":{"self":[{"href":"https:\/\/empregal.gal\/es\/wp-json\/wp\/v2\/pages\/2491","targetHints":{"allow":["GET"]}}],"collection":[{"href":"https:\/\/empregal.gal\/es\/wp-json\/wp\/v2\/pages"}],"about":[{"href":"https:\/\/empregal.gal\/es\/wp-json\/wp\/v2\/types\/page"}],"author":[{"embeddable":true,"href":"https:\/\/empregal.gal\/es\/wp-json\/wp\/v2\/users\/1"}],"replies":[{"embeddable":true,"href":"https:\/\/empregal.gal\/es\/wp-json\/wp\/v2\/comments?post=2491"}],"version-history":[{"count":0,"href":"https:\/\/empregal.gal\/es\/wp-json\/wp\/v2\/pages\/2491\/revisions"}],"wp:attachment":[{"href":"https:\/\/empregal.gal\/es\/wp-json\/wp\/v2\/media?parent=2491"}],"curies":[{"name":"wp","href":"https:\/\/api.w.org\/{rel}","templated":true}]}}