{"id":2490,"date":"2023-10-17T14:03:12","date_gmt":"2023-10-17T12:03:12","guid":{"rendered":"https:\/\/empregal.gal\/?page_id=2490"},"modified":"2023-11-16T10:14:04","modified_gmt":"2023-11-16T09:14:04","slug":"programa-de-orientacion","status":"publish","type":"page","link":"https:\/\/empregal.gal\/es\/programa-de-orientacion\/","title":{"rendered":"Programa de orientaci\u00f3n"},"content":{"rendered":"\t\t<div data-elementor-type=\"wp-page\" data-elementor-id=\"2490\" class=\"elementor elementor-2490 elementor-771\" data-elementor-settings=\"{&quot;ha_cmc_init_switcher&quot;:&quot;no&quot;}\" data-elementor-post-type=\"page\">\n\t\t\t\t\t\t<section class=\"ob-is-breaking-bad elementor-section elementor-top-section elementor-element elementor-element-fdc0217 elementor-section-full_width elementor-section-height-min-height elementor-section-items-stretch elementor-section-height-default\" data-id=\"fdc0217\" data-element_type=\"section\" data-e-type=\"section\" data-settings=\"{&quot;jet_parallax_layout_list&quot;:[],&quot;_ob_bbad_use_it&quot;:&quot;yes&quot;,&quot;_ob_bbad_sssic_use&quot;:&quot;no&quot;}\">\n\t\t\t\t\t\t<div class=\"elementor-container elementor-column-gap-no\">\n\t\t\t\t\t<div class=\"ob-is-pseudo elementor-column elementor-col-100 elementor-top-column elementor-element elementor-element-70ca2c4\" data-id=\"70ca2c4\" data-element_type=\"column\" data-e-type=\"column\" data-settings=\"{&quot;background_background&quot;:&quot;classic&quot;,&quot;_ob_column_has_pseudo&quot;:&quot;yes&quot;,&quot;_ob_pseudo_before_popover_whyxrot&quot;:&quot;yes&quot;,&quot;_ob_bbad_is_stalker&quot;:&quot;no&quot;}\">\n\t\t\t<div class=\"elementor-widget-wrap elementor-element-populated\">\n\t\t\t\t\t\t<div class=\"elementor-element elementor-element-7d5a59e elementor-widget__width-auto ha-has-bg-overlay ob-has-background-overlay elementor-widget elementor-widget-heading\" data-id=\"7d5a59e\" data-element_type=\"widget\" data-e-type=\"widget\" data-settings=\"{&quot;_ob_poopart_use&quot;:&quot;yes&quot;}\" data-widget_type=\"heading.default\">\n\t\t\t\t<div class=\"elementor-widget-container\">\n\t\t\t\t\t<h1 class=\"elementor-heading-title elementor-size-default\">Plan de medidas empregAL<\/h1>\t\t\t\t<\/div>\n\t\t\t\t<\/div>\n\t\t\t\t<div class=\"elementor-element elementor-element-43d8de4 elementor-widget__width-auto ha-has-bg-overlay ob-has-background-overlay elementor-widget elementor-widget-heading\" data-id=\"43d8de4\" data-element_type=\"widget\" data-e-type=\"widget\" data-settings=\"{&quot;_ob_poopart_use&quot;:&quot;yes&quot;}\" data-widget_type=\"heading.default\">\n\t\t\t\t<div class=\"elementor-widget-container\">\n\t\t\t\t\t<h5 class=\"elementor-heading-title elementor-size-default\">Programa de orientaci\u00f3n<\/h5>\t\t\t\t<\/div>\n\t\t\t\t<\/div>\n\t\t\t\t\t<\/div>\n\t\t<\/div>\n\t\t\t\t\t<\/div>\n\t\t<\/section>\n\t\t\t\t<section class=\"ob-is-breaking-bad elementor-section elementor-top-section elementor-element elementor-element-3c41719 elementor-section-boxed elementor-section-height-default elementor-section-height-default\" data-id=\"3c41719\" data-element_type=\"section\" data-e-type=\"section\" data-settings=\"{&quot;jet_parallax_layout_list&quot;:[],&quot;background_background&quot;:&quot;gradient&quot;,&quot;_ob_bbad_use_it&quot;:&quot;yes&quot;,&quot;_ob_bbad_sssic_use&quot;:&quot;no&quot;}\">\n\t\t\t\t\t\t<div class=\"elementor-container elementor-column-gap-no\">\n\t\t\t\t\t<div class=\"elementor-column elementor-col-100 elementor-top-column elementor-element elementor-element-39d9856\" data-id=\"39d9856\" data-element_type=\"column\" data-e-type=\"column\" data-settings=\"{&quot;_ob_bbad_is_stalker&quot;:&quot;no&quot;,&quot;_ob_column_has_pseudo&quot;:&quot;no&quot;}\">\n\t\t\t<div class=\"elementor-widget-wrap elementor-element-populated\">\n\t\t\t\t\t\t<section class=\"ob-is-breaking-bad ob-bb-inner elementor-section elementor-inner-section elementor-element elementor-element-e86d6fd elementor-section-boxed elementor-section-height-default elementor-section-height-default\" data-id=\"e86d6fd\" data-element_type=\"section\" data-e-type=\"section\" data-settings=\"{&quot;jet_parallax_layout_list&quot;:[],&quot;_ob_bbad_use_it&quot;:&quot;yes&quot;,&quot;_ob_bbad_sssic_use&quot;:&quot;no&quot;}\">\n\t\t\t\t\t\t<div class=\"elementor-container elementor-column-gap-default\">\n\t\t\t\t\t<div class=\"elementor-column elementor-col-100 elementor-inner-column elementor-element elementor-element-607a3b6\" data-id=\"607a3b6\" data-element_type=\"column\" data-e-type=\"column\" data-settings=\"{&quot;background_background&quot;:&quot;classic&quot;,&quot;_ob_bbad_is_stalker&quot;:&quot;no&quot;,&quot;_ob_column_has_pseudo&quot;:&quot;no&quot;}\">\n\t\t\t<div class=\"elementor-widget-wrap elementor-element-populated\">\n\t\t\t\t\t\t<div class=\"elementor-element elementor-element-792a9de ob-has-background-overlay elementor-widget elementor-widget-heading\" data-id=\"792a9de\" data-element_type=\"widget\" data-e-type=\"widget\" data-settings=\"{&quot;_ob_poopart_use&quot;:&quot;yes&quot;}\" data-widget_type=\"heading.default\">\n\t\t\t\t<div class=\"elementor-widget-container\">\n\t\t\t\t\t<h3 class=\"elementor-heading-title elementor-size-default\">Objetivo<\/h3>\t\t\t\t<\/div>\n\t\t\t\t<\/div>\n\t\t\t\t<div class=\"elementor-element elementor-element-1f69800 elementor-view-default ob-has-background-overlay elementor-widget elementor-widget-icon\" data-id=\"1f69800\" data-element_type=\"widget\" data-e-type=\"widget\" data-settings=\"{&quot;_ob_poopart_use&quot;:&quot;yes&quot;}\" data-widget_type=\"icon.default\">\n\t\t\t\t<div class=\"elementor-widget-container\">\n\t\t\t\t\t\t\t<div class=\"elementor-icon-wrapper\">\n\t\t\t<div class=\"elementor-icon\">\n\t\t\t<i aria-hidden=\"true\" class=\"hm hm-angle-down\"><\/i>\t\t\t<\/div>\n\t\t<\/div>\n\t\t\t\t\t\t<\/div>\n\t\t\t\t<\/div>\n\t\t\t\t<div class=\"elementor-element elementor-element-b3274ba ob-has-background-overlay elementor-widget elementor-widget-text-editor\" data-id=\"b3274ba\" data-element_type=\"widget\" data-e-type=\"widget\" data-settings=\"{&quot;_ob_poopart_use&quot;:&quot;yes&quot;}\" data-widget_type=\"text-editor.default\">\n\t\t\t\t<div class=\"elementor-widget-container\">\n\t\t\t\t\t\t\t\t\tMejorar las habilidades de las personas beneficiarias en relaci\u00f3n con la b\u00fasqueda activa de empleo y constituir la base fundamental para la elaboraci\u00f3n de un itinerario de inserci\u00f3n laboral.\t\t\t\t\t\t\t\t<\/div>\n\t\t\t\t<\/div>\n\t\t\t\t\t<\/div>\n\t\t<\/div>\n\t\t\t\t\t<\/div>\n\t\t<\/section>\n\t\t\t\t<div class=\"elementor-element elementor-element-cb4c10c elementor-view-default ob-has-background-overlay elementor-widget elementor-widget-icon\" data-id=\"cb4c10c\" data-element_type=\"widget\" data-e-type=\"widget\" data-settings=\"{&quot;_ob_poopart_use&quot;:&quot;yes&quot;}\" data-widget_type=\"icon.default\">\n\t\t\t\t<div class=\"elementor-widget-container\">\n\t\t\t\t\t\t\t<div class=\"elementor-icon-wrapper\">\n\t\t\t<div class=\"elementor-icon\">\n\t\t\t<i aria-hidden=\"true\" class=\"hm hm-angle-down\"><\/i>\t\t\t<\/div>\n\t\t<\/div>\n\t\t\t\t\t\t<\/div>\n\t\t\t\t<\/div>\n\t\t\t\t<section class=\"ob-is-breaking-bad ob-bb-inner elementor-section elementor-inner-section elementor-element elementor-element-798bf07 custom_med elementor-section-boxed elementor-section-height-default elementor-section-height-default\" data-id=\"798bf07\" data-element_type=\"section\" data-e-type=\"section\" data-settings=\"{&quot;jet_parallax_layout_list&quot;:[],&quot;_ob_bbad_use_it&quot;:&quot;yes&quot;,&quot;_ob_bbad_sssic_use&quot;:&quot;no&quot;}\">\n\t\t\t\t\t\t<div class=\"elementor-container elementor-column-gap-default\">\n\t\t\t\t\t<div class=\"elementor-column elementor-col-50 elementor-inner-column elementor-element elementor-element-3182f8b\" data-id=\"3182f8b\" data-element_type=\"column\" data-e-type=\"column\" data-settings=\"{&quot;_ob_bbad_is_stalker&quot;:&quot;no&quot;,&quot;_ob_column_has_pseudo&quot;:&quot;no&quot;}\">\n\t\t\t<div class=\"elementor-widget-wrap elementor-element-populated\">\n\t\t\t\t\t\t<div class=\"jet-satellite-widget elementor-element elementor-element-91eb7bb custom-box ha-infobox-media-dir-top ha-has-bg-overlay ob-has-background-overlay elementor-widget elementor-widget-ha-infobox happy-addon ha-infobox\" data-jet-tricks-settings=\"{&quot;satellite&quot;:&quot;true&quot;,&quot;satelliteType&quot;:&quot;icon&quot;,&quot;satellitePosition&quot;:&quot;top-right&quot;}\" data-id=\"91eb7bb\" data-element_type=\"widget\" data-e-type=\"widget\" data-settings=\"{&quot;_ob_poopart_use&quot;:&quot;yes&quot;}\" data-widget_type=\"ha-infobox.default\">\n\t\t\t\t<div class=\"elementor-widget-container\">\n\t\t\t\t\t<div class=\"jet-tricks-satellite jet-tricks-satellite--top-right\"><div class=\"jet-tricks-satellite__inner\"><div class=\"jet-tricks-satellite__icon\"><div class=\"jet-tricks-satellite__icon-instance jet-tricks-icon\"><i aria-hidden=\"true\" class=\"jki jki-check-light\"><\/i><\/div><\/div><\/div><\/div>\n\t\t\n\t\t<div class=\"ha-infobox-body\">\n\t\t\t<h2 class=\"ha-infobox-title\">Orientaci\u00f3n laboral por cuenta ajena<\/h2>\n\t\t\t\t\t\t\t<div class=\"ha-infobox-text\">\n\t\t\t\t\t<p>Consiste en sesiones de motivaci\u00f3n y asesoramiento laboral por cuenta ajena. El punto de partida de este asesoramiento es la elaboraci\u00f3n de un itinerario personalizado en base a las necesidades identificadas en el diagn\u00f3stico de cada persona y que permite establecer los pasos a seguir para la consecuci\u00f3n del objetivo profesional.<\/p>\n\t\t\t\t<\/div>\n\t\t\t\n\t\t\t\t\t<\/div>\n\t\t\t\t\t\t<\/div>\n\t\t\t\t<\/div>\n\t\t\t\t\t<\/div>\n\t\t<\/div>\n\t\t\t\t<div class=\"elementor-column elementor-col-50 elementor-inner-column elementor-element elementor-element-1e82477\" data-id=\"1e82477\" data-element_type=\"column\" data-e-type=\"column\" data-settings=\"{&quot;_ob_bbad_is_stalker&quot;:&quot;no&quot;,&quot;_ob_column_has_pseudo&quot;:&quot;no&quot;}\">\n\t\t\t<div class=\"elementor-widget-wrap elementor-element-populated\">\n\t\t\t\t\t\t<div class=\"jet-satellite-widget elementor-element elementor-element-68a82fc custom-box ha-infobox-media-dir-top ha-has-bg-overlay ob-has-background-overlay elementor-widget elementor-widget-ha-infobox happy-addon ha-infobox\" data-jet-tricks-settings=\"{&quot;satellite&quot;:&quot;true&quot;,&quot;satelliteType&quot;:&quot;icon&quot;,&quot;satellitePosition&quot;:&quot;top-right&quot;}\" data-id=\"68a82fc\" data-element_type=\"widget\" data-e-type=\"widget\" data-settings=\"{&quot;_ob_poopart_use&quot;:&quot;yes&quot;}\" data-widget_type=\"ha-infobox.default\">\n\t\t\t\t<div class=\"elementor-widget-container\">\n\t\t\t\t\t<div class=\"jet-tricks-satellite jet-tricks-satellite--top-right\"><div class=\"jet-tricks-satellite__inner\"><div class=\"jet-tricks-satellite__icon\"><div class=\"jet-tricks-satellite__icon-instance jet-tricks-icon\"><i aria-hidden=\"true\" class=\"jki jki-check-light\"><\/i><\/div><\/div><\/div><\/div>\n\t\t\n\t\t<div class=\"ha-infobox-body\">\n\t\t\t<h2 class=\"ha-infobox-title\">Orientaci\u00f3n laboral para el autoempleo<\/h2>\n\t\t\t\t\t\t\t<div class=\"ha-infobox-text\">\n\t\t\t\t\t<p>Consiste en sesiones de motivaci\u00f3n y asesoramiento laboral para el autoempleo. Las personas usuarias proporcionan datos sobre su idea de negocio y reciben ayuda para la realizaci\u00f3n del business plan y de cualquier aspecto relacionado con su proyecto empresarial.<\/p>\n\t\t\t\t<\/div>\n\t\t\t\n\t\t\t\t\t<\/div>\n\t\t\t\t\t\t<\/div>\n\t\t\t\t<\/div>\n\t\t\t\t\t<\/div>\n\t\t<\/div>\n\t\t\t\t\t<\/div>\n\t\t<\/section>\n\t\t\t\t\t<\/div>\n\t\t<\/div>\n\t\t\t\t\t<\/div>\n\t\t<\/section>\n\t\t\t\t<section class=\"ob-is-breaking-bad elementor-section elementor-top-section elementor-element elementor-element-ccf1acc elementor-section-full_width elementor-hidden-desktop elementor-hidden-tablet elementor-hidden-mobile elementor-section-height-default elementor-section-height-default\" data-id=\"ccf1acc\" data-element_type=\"section\" data-e-type=\"section\" data-settings=\"{&quot;jet_parallax_layout_list&quot;:[],&quot;_ob_bbad_use_it&quot;:&quot;yes&quot;,&quot;_ob_bbad_sssic_use&quot;:&quot;no&quot;}\">\n\t\t\t\t\t\t<div class=\"elementor-container elementor-column-gap-no\">\n\t\t\t\t\t<div class=\"ob-is-pseudo elementor-column elementor-col-100 elementor-top-column elementor-element elementor-element-9a116bd\" data-id=\"9a116bd\" data-element_type=\"column\" data-e-type=\"column\" data-settings=\"{&quot;background_background&quot;:&quot;classic&quot;,&quot;_ob_column_has_pseudo&quot;:&quot;yes&quot;,&quot;_ob_pseudo_before_popover_whyxrot&quot;:&quot;yes&quot;,&quot;_ob_bbad_is_stalker&quot;:&quot;no&quot;}\">\n\t\t\t<div class=\"elementor-widget-wrap elementor-element-populated\">\n\t\t\t\t\t<div class=\"elementor-background-overlay\"><\/div>\n\t\t\t\t\t\t\t<\/div>\n\t\t<\/div>\n\t\t\t\t\t<\/div>\n\t\t<\/section>\n\t\t\t\t<\/div>\n\t\t","protected":false},"excerpt":{"rendered":"<p>Plan de medidas empregAL Programa de orientaci\u00f3n Objetivo Mejorar las habilidades de las personas beneficiarias en relaci\u00f3n con la b\u00fasqueda activa de empleo y constituir la base fundamental para la elaboraci\u00f3n de un itinerario de inserci\u00f3n laboral. Orientaci\u00f3n laboral por cuenta ajena Consiste en sesiones de motivaci\u00f3n y asesoramiento laboral por cuenta ajena. El punto [&hellip;]<\/p>\n","protected":false},"author":1,"featured_media":0,"parent":0,"menu_order":0,"comment_status":"closed","ping_status":"closed","template":"","meta":{"footnotes":""},"class_list":["post-2490","page","type-page","status-publish","hentry"],"yoast_head":"<!-- This site is optimized with the Yoast SEO plugin v28.4 - https:\/\/yoast.com\/product\/yoast-seo-wordpress\/ -->\n<title>Programa de orientaci\u00f3n - EmpregAL - Novas oportunidades para o emprego<\/title>\n<meta name=\"robots\" content=\"index, follow, max-snippet:-1, max-image-preview:large, max-video-preview:-1\" \/>\n<link rel=\"canonical\" href=\"https:\/\/empregal.gal\/es\/programa-de-orientacion\/\" \/>\n<meta property=\"og:locale\" content=\"es_ES\" \/>\n<meta property=\"og:type\" content=\"article\" \/>\n<meta property=\"og:title\" content=\"Programa de orientaci\u00f3n - EmpregAL - Novas oportunidades para o emprego\" \/>\n<meta property=\"og:description\" content=\"Plan de medidas empregAL Programa de orientaci\u00f3n Objetivo Mejorar las habilidades de las personas beneficiarias en relaci\u00f3n con la b\u00fasqueda activa de empleo y constituir la base fundamental para la elaboraci\u00f3n de un itinerario de inserci\u00f3n laboral. Orientaci\u00f3n laboral por cuenta ajena Consiste en sesiones de motivaci\u00f3n y asesoramiento laboral por cuenta ajena. El punto [&hellip;]\" \/>\n<meta property=\"og:url\" content=\"https:\/\/empregal.gal\/es\/programa-de-orientacion\/\" \/>\n<meta property=\"og:site_name\" content=\"EmpregAL - Novas oportunidades para o emprego\" \/>\n<meta property=\"article:modified_time\" content=\"2023-11-16T09:14:04+00:00\" \/>\n<meta name=\"twitter:card\" content=\"summary_large_image\" \/>\n<meta name=\"twitter:label1\" content=\"Tiempo de lectura\" \/>\n\t<meta name=\"twitter:data1\" content=\"1 minuto\" \/>\n<script type=\"application\/ld+json\" class=\"yoast-schema-graph\">{\"@context\":\"https:\\\/\\\/schema.org\",\"@graph\":[{\"@type\":\"WebPage\",\"@id\":\"https:\\\/\\\/empregal.gal\\\/es\\\/programa-de-orientacion\\\/\",\"url\":\"https:\\\/\\\/empregal.gal\\\/es\\\/programa-de-orientacion\\\/\",\"name\":\"Programa de orientaci\u00f3n - EmpregAL - Novas oportunidades para o emprego\",\"isPartOf\":{\"@id\":\"https:\\\/\\\/empregal.gal\\\/#website\"},\"datePublished\":\"2023-10-17T12:03:12+00:00\",\"dateModified\":\"2023-11-16T09:14:04+00:00\",\"breadcrumb\":{\"@id\":\"https:\\\/\\\/empregal.gal\\\/es\\\/programa-de-orientacion\\\/#breadcrumb\"},\"inLanguage\":\"es\",\"potentialAction\":[{\"@type\":\"ReadAction\",\"target\":[\"https:\\\/\\\/empregal.gal\\\/es\\\/programa-de-orientacion\\\/\"]}]},{\"@type\":\"BreadcrumbList\",\"@id\":\"https:\\\/\\\/empregal.gal\\\/es\\\/programa-de-orientacion\\\/#breadcrumb\",\"itemListElement\":[{\"@type\":\"ListItem\",\"position\":1,\"name\":\"Portada\",\"item\":\"https:\\\/\\\/empregal.gal\\\/es\\\/\"},{\"@type\":\"ListItem\",\"position\":2,\"name\":\"Programa de orientaci\u00f3n\"}]},{\"@type\":\"WebSite\",\"@id\":\"https:\\\/\\\/empregal.gal\\\/#website\",\"url\":\"https:\\\/\\\/empregal.gal\\\/\",\"name\":\"EmpregAL\",\"description\":\"Medidas para a reinserci\u00f3n laboral das persoas do sector do aluminio\",\"publisher\":{\"@id\":\"https:\\\/\\\/empregal.gal\\\/#organization\"},\"potentialAction\":[{\"@type\":\"SearchAction\",\"target\":{\"@type\":\"EntryPoint\",\"urlTemplate\":\"https:\\\/\\\/empregal.gal\\\/?s={search_term_string}\"},\"query-input\":{\"@type\":\"PropertyValueSpecification\",\"valueRequired\":true,\"valueName\":\"search_term_string\"}}],\"inLanguage\":\"es\"},{\"@type\":\"Organization\",\"@id\":\"https:\\\/\\\/empregal.gal\\\/#organization\",\"name\":\"EmpregAL Novas oportunidades para o emprego\",\"url\":\"https:\\\/\\\/empregal.gal\\\/\",\"logo\":{\"@type\":\"ImageObject\",\"inLanguage\":\"es\",\"@id\":\"https:\\\/\\\/empregal.gal\\\/#\\\/schema\\\/logo\\\/image\\\/\",\"url\":\"https:\\\/\\\/empregal.gal\\\/wp-content\\\/uploads\\\/2023\\\/10\\\/empregAL.svg\",\"contentUrl\":\"https:\\\/\\\/empregal.gal\\\/wp-content\\\/uploads\\\/2023\\\/10\\\/empregAL.svg\",\"width\":301,\"height\":60,\"caption\":\"EmpregAL Novas oportunidades para o emprego\"},\"image\":{\"@id\":\"https:\\\/\\\/empregal.gal\\\/#\\\/schema\\\/logo\\\/image\\\/\"}}]}<\/script>\n<!-- \/ Yoast SEO plugin. -->","yoast_head_json":{"title":"Programa de orientaci\u00f3n - EmpregAL - Novas oportunidades para o emprego","robots":{"index":"index","follow":"follow","max-snippet":"max-snippet:-1","max-image-preview":"max-image-preview:large","max-video-preview":"max-video-preview:-1"},"canonical":"https:\/\/empregal.gal\/es\/programa-de-orientacion\/","og_locale":"es_ES","og_type":"article","og_title":"Programa de orientaci\u00f3n - EmpregAL - Novas oportunidades para o emprego","og_description":"Plan de medidas empregAL Programa de orientaci\u00f3n Objetivo Mejorar las habilidades de las personas beneficiarias en relaci\u00f3n con la b\u00fasqueda activa de empleo y constituir la base fundamental para la elaboraci\u00f3n de un itinerario de inserci\u00f3n laboral. Orientaci\u00f3n laboral por cuenta ajena Consiste en sesiones de motivaci\u00f3n y asesoramiento laboral por cuenta ajena. El punto [&hellip;]","og_url":"https:\/\/empregal.gal\/es\/programa-de-orientacion\/","og_site_name":"EmpregAL - Novas oportunidades para o emprego","article_modified_time":"2023-11-16T09:14:04+00:00","twitter_card":"summary_large_image","twitter_misc":{"Tiempo de lectura":"1 minuto"},"schema":{"@context":"https:\/\/schema.org","@graph":[{"@type":"WebPage","@id":"https:\/\/empregal.gal\/es\/programa-de-orientacion\/","url":"https:\/\/empregal.gal\/es\/programa-de-orientacion\/","name":"Programa de orientaci\u00f3n - EmpregAL - Novas oportunidades para o emprego","isPartOf":{"@id":"https:\/\/empregal.gal\/#website"},"datePublished":"2023-10-17T12:03:12+00:00","dateModified":"2023-11-16T09:14:04+00:00","breadcrumb":{"@id":"https:\/\/empregal.gal\/es\/programa-de-orientacion\/#breadcrumb"},"inLanguage":"es","potentialAction":[{"@type":"ReadAction","target":["https:\/\/empregal.gal\/es\/programa-de-orientacion\/"]}]},{"@type":"BreadcrumbList","@id":"https:\/\/empregal.gal\/es\/programa-de-orientacion\/#breadcrumb","itemListElement":[{"@type":"ListItem","position":1,"name":"Portada","item":"https:\/\/empregal.gal\/es\/"},{"@type":"ListItem","position":2,"name":"Programa de orientaci\u00f3n"}]},{"@type":"WebSite","@id":"https:\/\/empregal.gal\/#website","url":"https:\/\/empregal.gal\/","name":"EmpregAL","description":"Medidas para a reinserci\u00f3n laboral das persoas do sector do aluminio","publisher":{"@id":"https:\/\/empregal.gal\/#organization"},"potentialAction":[{"@type":"SearchAction","target":{"@type":"EntryPoint","urlTemplate":"https:\/\/empregal.gal\/?s={search_term_string}"},"query-input":{"@type":"PropertyValueSpecification","valueRequired":true,"valueName":"search_term_string"}}],"inLanguage":"es"},{"@type":"Organization","@id":"https:\/\/empregal.gal\/#organization","name":"EmpregAL Novas oportunidades para o emprego","url":"https:\/\/empregal.gal\/","logo":{"@type":"ImageObject","inLanguage":"es","@id":"https:\/\/empregal.gal\/#\/schema\/logo\/image\/","url":"https:\/\/empregal.gal\/wp-content\/uploads\/2023\/10\/empregAL.svg","contentUrl":"https:\/\/empregal.gal\/wp-content\/uploads\/2023\/10\/empregAL.svg","width":301,"height":60,"caption":"EmpregAL Novas oportunidades para o emprego"},"image":{"@id":"https:\/\/empregal.gal\/#\/schema\/logo\/image\/"}}]}},"_links":{"self":[{"href":"https:\/\/empregal.gal\/es\/wp-json\/wp\/v2\/pages\/2490","targetHints":{"allow":["GET"]}}],"collection":[{"href":"https:\/\/empregal.gal\/es\/wp-json\/wp\/v2\/pages"}],"about":[{"href":"https:\/\/empregal.gal\/es\/wp-json\/wp\/v2\/types\/page"}],"author":[{"embeddable":true,"href":"https:\/\/empregal.gal\/es\/wp-json\/wp\/v2\/users\/1"}],"replies":[{"embeddable":true,"href":"https:\/\/empregal.gal\/es\/wp-json\/wp\/v2\/comments?post=2490"}],"version-history":[{"count":0,"href":"https:\/\/empregal.gal\/es\/wp-json\/wp\/v2\/pages\/2490\/revisions"}],"wp:attachment":[{"href":"https:\/\/empregal.gal\/es\/wp-json\/wp\/v2\/media?parent=2490"}],"curies":[{"name":"wp","href":"https:\/\/api.w.org\/{rel}","templated":true}]}}