{"id":2489,"date":"2023-10-17T13:21:33","date_gmt":"2023-10-17T11:21:33","guid":{"rendered":"https:\/\/empregal.gal\/?page_id=2489"},"modified":"2023-11-16T10:23:33","modified_gmt":"2023-11-16T09:23:33","slug":"acogida-y-diagnosis-inicial","status":"publish","type":"page","link":"https:\/\/empregal.gal\/es\/acogida-y-diagnosis-inicial\/","title":{"rendered":"Acogida y diagn\u00f3stico inicial"},"content":{"rendered":"\t\t<div data-elementor-type=\"wp-page\" data-elementor-id=\"2489\" class=\"elementor elementor-2489 elementor-725\" data-elementor-settings=\"{&quot;ha_cmc_init_switcher&quot;:&quot;no&quot;}\" data-elementor-post-type=\"page\">\n\t\t\t\t\t\t<section class=\"ob-is-breaking-bad elementor-section elementor-top-section elementor-element elementor-element-ba7f952 elementor-section-full_width elementor-section-height-min-height elementor-section-items-stretch elementor-section-height-default\" data-id=\"ba7f952\" data-element_type=\"section\" data-e-type=\"section\" data-settings=\"{&quot;jet_parallax_layout_list&quot;:[],&quot;_ob_bbad_use_it&quot;:&quot;yes&quot;,&quot;_ob_bbad_sssic_use&quot;:&quot;no&quot;}\">\n\t\t\t\t\t\t<div class=\"elementor-container elementor-column-gap-no\">\n\t\t\t\t\t<div class=\"ob-is-pseudo elementor-column elementor-col-100 elementor-top-column elementor-element elementor-element-b2e15a0\" data-id=\"b2e15a0\" data-element_type=\"column\" data-e-type=\"column\" data-settings=\"{&quot;background_background&quot;:&quot;classic&quot;,&quot;_ob_column_has_pseudo&quot;:&quot;yes&quot;,&quot;_ob_pseudo_before_popover_whyxrot&quot;:&quot;yes&quot;,&quot;_ob_bbad_is_stalker&quot;:&quot;no&quot;}\">\n\t\t\t<div class=\"elementor-widget-wrap elementor-element-populated\">\n\t\t\t\t\t\t<div class=\"elementor-element elementor-element-02b5f61 elementor-widget__width-auto ha-has-bg-overlay ob-has-background-overlay elementor-widget elementor-widget-heading\" data-id=\"02b5f61\" data-element_type=\"widget\" data-e-type=\"widget\" data-settings=\"{&quot;_ob_poopart_use&quot;:&quot;yes&quot;}\" data-widget_type=\"heading.default\">\n\t\t\t\t<div class=\"elementor-widget-container\">\n\t\t\t\t\t<h1 class=\"elementor-heading-title elementor-size-default\">Plan de medidas empregAL<\/h1>\t\t\t\t<\/div>\n\t\t\t\t<\/div>\n\t\t\t\t<div class=\"elementor-element elementor-element-41725f8 elementor-widget__width-auto ha-has-bg-overlay ob-has-background-overlay elementor-widget elementor-widget-heading\" data-id=\"41725f8\" data-element_type=\"widget\" data-e-type=\"widget\" data-settings=\"{&quot;_ob_poopart_use&quot;:&quot;yes&quot;}\" data-widget_type=\"heading.default\">\n\t\t\t\t<div class=\"elementor-widget-container\">\n\t\t\t\t\t<h5 class=\"elementor-heading-title elementor-size-default\">Acogida y diagn\u00f3stico inicial<\/h5>\t\t\t\t<\/div>\n\t\t\t\t<\/div>\n\t\t\t\t\t<\/div>\n\t\t<\/div>\n\t\t\t\t\t<\/div>\n\t\t<\/section>\n\t\t\t\t<section class=\"ob-is-breaking-bad elementor-section elementor-top-section elementor-element elementor-element-6dba583 elementor-section-boxed elementor-section-height-default elementor-section-height-default\" data-id=\"6dba583\" data-element_type=\"section\" data-e-type=\"section\" data-settings=\"{&quot;jet_parallax_layout_list&quot;:[],&quot;background_background&quot;:&quot;gradient&quot;,&quot;_ob_bbad_use_it&quot;:&quot;yes&quot;,&quot;_ob_bbad_sssic_use&quot;:&quot;no&quot;}\">\n\t\t\t\t\t\t<div class=\"elementor-container elementor-column-gap-no\">\n\t\t\t\t\t<div class=\"elementor-column elementor-col-100 elementor-top-column elementor-element elementor-element-d442e71\" data-id=\"d442e71\" data-element_type=\"column\" data-e-type=\"column\" data-settings=\"{&quot;_ob_bbad_is_stalker&quot;:&quot;no&quot;,&quot;_ob_column_has_pseudo&quot;:&quot;no&quot;}\">\n\t\t\t<div class=\"elementor-widget-wrap elementor-element-populated\">\n\t\t\t\t\t\t<div class=\"elementor-element elementor-element-2df9e92 ob-has-background-overlay elementor-widget elementor-widget-text-editor\" data-id=\"2df9e92\" data-element_type=\"widget\" data-e-type=\"widget\" data-settings=\"{&quot;_animation&quot;:&quot;none&quot;,&quot;_ob_poopart_use&quot;:&quot;yes&quot;}\" data-widget_type=\"text-editor.default\">\n\t\t\t\t<div class=\"elementor-widget-container\">\n\t\t\t\t\t\t\t\t\t<p>Mediante el presente programa, se pretende ofrecer una <strong>primera acogida a los trabajadores<\/strong> que cumplan con los requisitos, con el objetivo de realizar una presentaci\u00f3n general del programa e informarles <strong>de las acciones que se van a llevar a cabo y de los esfuerzos y recursos puestos en marcha<\/strong> para ayudarles en su proceso de recualificaci\u00f3n para mejorar su empleabilidad.<\/p>\n\n<p>Tras las sesiones de acogida, se llevar\u00e1 a cabo un <strong>diagn\u00f3stico inicial de cada persona desempleada<\/strong> a trav\u00e9s de entrevistas individualizadas con el fin de conocer con detalle su situaci\u00f3n socio-profesional, su nivel formativo, sus aptitudes, capacidades, experiencias, intereses y expectativas laborales, as\u00ed como cualquier otra informaci\u00f3n necesaria para hacer una valoraci\u00f3n adecuada de sus posibilidades reales de reincorporaci\u00f3n al mercado laboral. Es fundamental, en esta fase, y en general en todo el proceso de inserci\u00f3n laboral, lograr la motivaci\u00f3n e implicaci\u00f3n activa de la persona desempleada.<\/p>\n\t\t\t\t\t\t\t\t<\/div>\n\t\t\t\t<\/div>\n\t\t\t\t<section class=\"ob-is-breaking-bad ob-bb-inner elementor-section elementor-inner-section elementor-element elementor-element-dc3fc84 elementor-section-boxed elementor-section-height-default elementor-section-height-default\" data-id=\"dc3fc84\" data-element_type=\"section\" data-e-type=\"section\" data-settings=\"{&quot;jet_parallax_layout_list&quot;:[],&quot;_ob_bbad_use_it&quot;:&quot;yes&quot;,&quot;_ob_bbad_sssic_use&quot;:&quot;no&quot;}\">\n\t\t\t\t\t\t<div class=\"elementor-container elementor-column-gap-default\">\n\t\t\t\t\t<div class=\"elementor-column elementor-col-33 elementor-inner-column elementor-element elementor-element-7fb47d1\" data-id=\"7fb47d1\" data-element_type=\"column\" data-e-type=\"column\" data-settings=\"{&quot;_ob_bbad_is_stalker&quot;:&quot;no&quot;,&quot;_ob_column_has_pseudo&quot;:&quot;no&quot;}\">\n\t\t\t<div class=\"elementor-widget-wrap\">\n\t\t\t\t\t\t\t<\/div>\n\t\t<\/div>\n\t\t\t\t<div class=\"elementor-column elementor-col-33 elementor-inner-column elementor-element elementor-element-8ec8965\" data-id=\"8ec8965\" data-element_type=\"column\" data-e-type=\"column\" data-settings=\"{&quot;background_background&quot;:&quot;classic&quot;,&quot;_ob_bbad_is_stalker&quot;:&quot;no&quot;,&quot;_ob_column_has_pseudo&quot;:&quot;no&quot;}\">\n\t\t\t<div class=\"elementor-widget-wrap elementor-element-populated\">\n\t\t\t\t\t\t<div class=\"elementor-element elementor-element-3468a18 ob-has-background-overlay elementor-widget elementor-widget-heading\" data-id=\"3468a18\" data-element_type=\"widget\" data-e-type=\"widget\" data-settings=\"{&quot;_ob_poopart_use&quot;:&quot;yes&quot;}\" data-widget_type=\"heading.default\">\n\t\t\t\t<div class=\"elementor-widget-container\">\n\t\t\t\t\t<h3 class=\"elementor-heading-title elementor-size-default\">Objetivo<\/h3>\t\t\t\t<\/div>\n\t\t\t\t<\/div>\n\t\t\t\t<div class=\"elementor-element elementor-element-179d1d5 elementor-view-default ob-has-background-overlay elementor-widget elementor-widget-icon\" data-id=\"179d1d5\" data-element_type=\"widget\" data-e-type=\"widget\" data-settings=\"{&quot;_ob_poopart_use&quot;:&quot;yes&quot;}\" data-widget_type=\"icon.default\">\n\t\t\t\t<div class=\"elementor-widget-container\">\n\t\t\t\t\t\t\t<div class=\"elementor-icon-wrapper\">\n\t\t\t<div class=\"elementor-icon\">\n\t\t\t<i aria-hidden=\"true\" class=\"hm hm-angle-down\"><\/i>\t\t\t<\/div>\n\t\t<\/div>\n\t\t\t\t\t\t<\/div>\n\t\t\t\t<\/div>\n\t\t\t\t<div class=\"elementor-element elementor-element-4eadc0d ob-has-background-overlay elementor-widget elementor-widget-text-editor\" data-id=\"4eadc0d\" data-element_type=\"widget\" data-e-type=\"widget\" data-settings=\"{&quot;_ob_poopart_use&quot;:&quot;yes&quot;}\" data-widget_type=\"text-editor.default\">\n\t\t\t\t<div class=\"elementor-widget-container\">\n\t\t\t\t\t\t\t\t\tLlevar a cabo a presentaci\u00f3n del Plan de Apoyo al sector del aluminio en Galicia entre el colectivo de personas despedidas, consiguiendo la adhesi\u00f3n del m\u00e1ximo n\u00famero de participantes al programa y encaminar la participaci\u00f3n dentro de las acciones incluidas en el proyecto a trav\u00e9s de talleres informativos de sensibilizaci\u00f3n.\t\t\t\t\t\t\t\t<\/div>\n\t\t\t\t<\/div>\n\t\t\t\t\t<\/div>\n\t\t<\/div>\n\t\t\t\t<div class=\"elementor-column elementor-col-33 elementor-inner-column elementor-element elementor-element-a33b51f\" data-id=\"a33b51f\" data-element_type=\"column\" data-e-type=\"column\" data-settings=\"{&quot;_ob_bbad_is_stalker&quot;:&quot;no&quot;,&quot;_ob_column_has_pseudo&quot;:&quot;no&quot;}\">\n\t\t\t<div class=\"elementor-widget-wrap\">\n\t\t\t\t\t\t\t<\/div>\n\t\t<\/div>\n\t\t\t\t\t<\/div>\n\t\t<\/section>\n\t\t\t\t<div class=\"elementor-element elementor-element-326173b ob-has-background-overlay elementor-widget elementor-widget-text-editor\" data-id=\"326173b\" data-element_type=\"widget\" data-e-type=\"widget\" data-settings=\"{&quot;_animation&quot;:&quot;none&quot;,&quot;_ob_poopart_use&quot;:&quot;yes&quot;}\" data-widget_type=\"text-editor.default\">\n\t\t\t\t<div class=\"elementor-widget-container\">\n\t\t\t\t\t\t\t\t\t<p>Dentro de esta primera fase, se desarrollar\u00e1n <strong>medidas de sensibilizaci\u00f3n<\/strong> que se presentan como un dispositivo de ayuda especializada en varios \u00e1mbitos para encaminar la participaci\u00f3n dentro de las acciones incluidas en el proyecto. En concreto, se establecer\u00e1n <strong>sesiones individuales o grupales<\/strong> en las que se abordar\u00e1n:<\/p>\n\t\t\t\t\t\t\t\t<\/div>\n\t\t\t\t<\/div>\n\t\t\t\t<div class=\"elementor-element elementor-element-d3db8a8 elementor-view-default ob-has-background-overlay elementor-widget elementor-widget-icon\" data-id=\"d3db8a8\" data-element_type=\"widget\" data-e-type=\"widget\" data-settings=\"{&quot;_ob_poopart_use&quot;:&quot;yes&quot;}\" data-widget_type=\"icon.default\">\n\t\t\t\t<div class=\"elementor-widget-container\">\n\t\t\t\t\t\t\t<div class=\"elementor-icon-wrapper\">\n\t\t\t<div class=\"elementor-icon\">\n\t\t\t<i aria-hidden=\"true\" class=\"hm hm-angle-down\"><\/i>\t\t\t<\/div>\n\t\t<\/div>\n\t\t\t\t\t\t<\/div>\n\t\t\t\t<\/div>\n\t\t\t\t<section class=\"ob-is-breaking-bad ob-bb-inner elementor-section elementor-inner-section elementor-element elementor-element-120a858 custom_med elementor-section-boxed elementor-section-height-default elementor-section-height-default\" data-id=\"120a858\" data-element_type=\"section\" data-e-type=\"section\" data-settings=\"{&quot;jet_parallax_layout_list&quot;:[],&quot;_ob_bbad_use_it&quot;:&quot;yes&quot;,&quot;_ob_bbad_sssic_use&quot;:&quot;no&quot;}\">\n\t\t\t\t\t\t<div class=\"elementor-container elementor-column-gap-default\">\n\t\t\t\t\t<div class=\"elementor-column elementor-col-33 elementor-inner-column elementor-element elementor-element-6f7894c\" data-id=\"6f7894c\" data-element_type=\"column\" data-e-type=\"column\" data-settings=\"{&quot;_ob_bbad_is_stalker&quot;:&quot;no&quot;,&quot;_ob_column_has_pseudo&quot;:&quot;no&quot;}\">\n\t\t\t<div class=\"elementor-widget-wrap elementor-element-populated\">\n\t\t\t\t\t\t<div class=\"jet-satellite-widget elementor-element elementor-element-6322643 custom-box ha-infobox-media-dir-top ha-has-bg-overlay ob-has-background-overlay elementor-widget elementor-widget-ha-infobox happy-addon ha-infobox\" data-jet-tricks-settings=\"{&quot;satellite&quot;:&quot;true&quot;,&quot;satelliteType&quot;:&quot;icon&quot;,&quot;satellitePosition&quot;:&quot;top-right&quot;}\" data-id=\"6322643\" data-element_type=\"widget\" data-e-type=\"widget\" data-settings=\"{&quot;_ob_poopart_use&quot;:&quot;yes&quot;}\" data-widget_type=\"ha-infobox.default\">\n\t\t\t\t<div class=\"elementor-widget-container\">\n\t\t\t\t\t<div class=\"jet-tricks-satellite jet-tricks-satellite--top-right\"><div class=\"jet-tricks-satellite__inner\"><div class=\"jet-tricks-satellite__icon\"><div class=\"jet-tricks-satellite__icon-instance jet-tricks-icon\"><i aria-hidden=\"true\" class=\"jki jki-check-light\"><\/i><\/div><\/div><\/div><\/div>\n\t\t\n\t\t<div class=\"ha-infobox-body\">\n\t\t\t<h2 class=\"ha-infobox-title\">Activaci\u00f3n laboral<\/h2>\n\t\t\t\t\t\t\t<div class=\"ha-infobox-text\">\n\t\t\t\t\t<p>Sesiones informativas para activar a los usuarios en su proceso de b\u00fasqueda de empleo, con el fin de potenciar las capacidades de desempe\u00f1o profesional particulares para alcanzar el objetivo laboral marcado. Estas sesiones facilitar\u00e1n la orientaci\u00f3n laboral y la activaci\u00f3n profesional de las personas que est\u00e1n experimentando un cambio profesional. En ellas se trabajar\u00e1n, principalmente, las nuevas t\u00e9cnicas y estrategias asociadas a la b\u00fasqueda activa de empleo<\/p>\n\t\t\t\t<\/div>\n\t\t\t\n\t\t\t\t\t<\/div>\n\t\t\t\t\t\t<\/div>\n\t\t\t\t<\/div>\n\t\t\t\t\t<\/div>\n\t\t<\/div>\n\t\t\t\t<div class=\"elementor-column elementor-col-33 elementor-inner-column elementor-element elementor-element-2795245\" data-id=\"2795245\" data-element_type=\"column\" data-e-type=\"column\" data-settings=\"{&quot;_ob_bbad_is_stalker&quot;:&quot;no&quot;,&quot;_ob_column_has_pseudo&quot;:&quot;no&quot;}\">\n\t\t\t<div class=\"elementor-widget-wrap elementor-element-populated\">\n\t\t\t\t\t\t<div class=\"jet-satellite-widget elementor-element elementor-element-96fb51a custom-box ha-infobox-media-dir-top ha-has-bg-overlay ob-has-background-overlay elementor-widget elementor-widget-ha-infobox happy-addon ha-infobox\" data-jet-tricks-settings=\"{&quot;satellite&quot;:&quot;true&quot;,&quot;satelliteType&quot;:&quot;icon&quot;,&quot;satellitePosition&quot;:&quot;top-right&quot;}\" data-id=\"96fb51a\" data-element_type=\"widget\" data-e-type=\"widget\" data-settings=\"{&quot;_ob_poopart_use&quot;:&quot;yes&quot;}\" data-widget_type=\"ha-infobox.default\">\n\t\t\t\t<div class=\"elementor-widget-container\">\n\t\t\t\t\t<div class=\"jet-tricks-satellite jet-tricks-satellite--top-right\"><div class=\"jet-tricks-satellite__inner\"><div class=\"jet-tricks-satellite__icon\"><div class=\"jet-tricks-satellite__icon-instance jet-tricks-icon\"><i aria-hidden=\"true\" class=\"jki jki-check-light\"><\/i><\/div><\/div><\/div><\/div>\n\t\t\n\t\t<div class=\"ha-infobox-body\">\n\t\t\t<h2 class=\"ha-infobox-title\">Acreditaci\u00f3n de Valorizaci\u00f3n y Reforzamiento de Competencias Soft Skills y Hard Skills<\/h2>\n\t\t\t\t\t\t\t<div class=\"ha-infobox-text\">\n\t\t\t\t\t<p>Se llevar\u00e1n a cabo sesiones informativas en las que se motivar\u00e1 a los participantes e informar\u00e1n de la necesidad de acreditar su experiencia mediante una homologaci\u00f3n de las actividades realizadas a lo largo de su vida laboral (Competencias Hard Skills) y acreditar otro tipo de competencias no incluidas en los certificados de profesionalidad, pero demandadas por las empresas a la hora de contratar trabajadores: Competencias soft skills (competencias suaves)<\/p>\n\t\t\t\t<\/div>\n\t\t\t\n\t\t\t\t\t<\/div>\n\t\t\t\t\t\t<\/div>\n\t\t\t\t<\/div>\n\t\t\t\t\t<\/div>\n\t\t<\/div>\n\t\t\t\t<div class=\"elementor-column elementor-col-33 elementor-inner-column elementor-element elementor-element-ae01fe3\" data-id=\"ae01fe3\" data-element_type=\"column\" data-e-type=\"column\" data-settings=\"{&quot;_ob_bbad_is_stalker&quot;:&quot;no&quot;,&quot;_ob_column_has_pseudo&quot;:&quot;no&quot;}\">\n\t\t\t<div class=\"elementor-widget-wrap elementor-element-populated\">\n\t\t\t\t\t\t<div class=\"jet-satellite-widget elementor-element elementor-element-cfd2dfe custom-box ha-infobox-media-dir-top ha-has-bg-overlay ob-has-background-overlay elementor-widget elementor-widget-ha-infobox happy-addon ha-infobox\" data-jet-tricks-settings=\"{&quot;satellite&quot;:&quot;true&quot;,&quot;satelliteType&quot;:&quot;icon&quot;,&quot;satellitePosition&quot;:&quot;top-right&quot;}\" data-id=\"cfd2dfe\" data-element_type=\"widget\" data-e-type=\"widget\" data-settings=\"{&quot;_ob_poopart_use&quot;:&quot;yes&quot;}\" data-widget_type=\"ha-infobox.default\">\n\t\t\t\t<div class=\"elementor-widget-container\">\n\t\t\t\t\t<div class=\"jet-tricks-satellite jet-tricks-satellite--top-right\"><div class=\"jet-tricks-satellite__inner\"><div class=\"jet-tricks-satellite__icon\"><div class=\"jet-tricks-satellite__icon-instance jet-tricks-icon\"><i aria-hidden=\"true\" class=\"jki jki-check-light\"><\/i><\/div><\/div><\/div><\/div>\n\t\t\n\t\t<div class=\"ha-infobox-body\">\n\t\t\t<h2 class=\"ha-infobox-title\">Fomento del esp\u00edritu emprendedor<\/h2>\n\t\t\t\t\t\t\t<div class=\"ha-infobox-text\">\n\t\t\t\t\t<p>Se realizar\u00e1n sesiones informativas relacionadas con las iniciativas emprendedoras sobre la creaci\u00f3n de empresas para aquellos participantes que est\u00e9n interesados en obtener informaci\u00f3n sobre este tema, bien porque quieran iniciar actividad empresarial por cuenta propia o bien por estar informados y abiertos la nuevas salidas al desempleo<\/p>\n\t\t\t\t<\/div>\n\t\t\t\n\t\t\t\t\t<\/div>\n\t\t\t\t\t\t<\/div>\n\t\t\t\t<\/div>\n\t\t\t\t\t<\/div>\n\t\t<\/div>\n\t\t\t\t\t<\/div>\n\t\t<\/section>\n\t\t\t\t\t<\/div>\n\t\t<\/div>\n\t\t\t\t\t<\/div>\n\t\t<\/section>\n\t\t\t\t<section class=\"ob-is-breaking-bad elementor-section elementor-top-section elementor-element elementor-element-89a25be elementor-section-full_width elementor-hidden-desktop elementor-hidden-tablet elementor-hidden-mobile elementor-section-height-default elementor-section-height-default\" data-id=\"89a25be\" data-element_type=\"section\" data-e-type=\"section\" data-settings=\"{&quot;jet_parallax_layout_list&quot;:[],&quot;_ob_bbad_use_it&quot;:&quot;yes&quot;,&quot;_ob_bbad_sssic_use&quot;:&quot;no&quot;}\">\n\t\t\t\t\t\t<div class=\"elementor-container elementor-column-gap-no\">\n\t\t\t\t\t<div class=\"ob-is-pseudo elementor-column elementor-col-100 elementor-top-column elementor-element elementor-element-724d798\" data-id=\"724d798\" data-element_type=\"column\" data-e-type=\"column\" data-settings=\"{&quot;background_background&quot;:&quot;classic&quot;,&quot;_ob_column_has_pseudo&quot;:&quot;yes&quot;,&quot;_ob_pseudo_before_popover_whyxrot&quot;:&quot;yes&quot;,&quot;_ob_bbad_is_stalker&quot;:&quot;no&quot;}\">\n\t\t\t<div class=\"elementor-widget-wrap elementor-element-populated\">\n\t\t\t\t\t<div class=\"elementor-background-overlay\"><\/div>\n\t\t\t\t\t\t\t<\/div>\n\t\t<\/div>\n\t\t\t\t\t<\/div>\n\t\t<\/section>\n\t\t\t\t<\/div>\n\t\t","protected":false},"excerpt":{"rendered":"<p>Plan de medidas empregAL Acogida y diagn\u00f3stico inicial Mediante el presente programa, se pretende ofrecer una primera acogida a los trabajadores que cumplan con los requisitos, con el objetivo de realizar una presentaci\u00f3n general del programa e informarles de las acciones que se van a llevar a cabo y de los esfuerzos y recursos puestos [&hellip;]<\/p>\n","protected":false},"author":1,"featured_media":0,"parent":0,"menu_order":0,"comment_status":"closed","ping_status":"closed","template":"","meta":{"footnotes":""},"class_list":["post-2489","page","type-page","status-publish","hentry"],"yoast_head":"<!-- This site is optimized with the Yoast SEO plugin v28.4 - https:\/\/yoast.com\/product\/yoast-seo-wordpress\/ -->\n<title>Acogida y diagn\u00f3stico inicial - EmpregAL - Novas oportunidades para o emprego<\/title>\n<meta name=\"robots\" content=\"index, follow, max-snippet:-1, max-image-preview:large, max-video-preview:-1\" \/>\n<link rel=\"canonical\" href=\"https:\/\/empregal.gal\/es\/acogida-y-diagnosis-inicial\/\" \/>\n<meta property=\"og:locale\" content=\"es_ES\" \/>\n<meta property=\"og:type\" content=\"article\" \/>\n<meta property=\"og:title\" content=\"Acogida y diagn\u00f3stico inicial - EmpregAL - Novas oportunidades para o emprego\" \/>\n<meta property=\"og:description\" content=\"Plan de medidas empregAL Acogida y diagn\u00f3stico inicial Mediante el presente programa, se pretende ofrecer una primera acogida a los trabajadores que cumplan con los requisitos, con el objetivo de realizar una presentaci\u00f3n general del programa e informarles de las acciones que se van a llevar a cabo y de los esfuerzos y recursos puestos [&hellip;]\" \/>\n<meta property=\"og:url\" content=\"https:\/\/empregal.gal\/es\/acogida-y-diagnosis-inicial\/\" \/>\n<meta property=\"og:site_name\" content=\"EmpregAL - Novas oportunidades para o emprego\" \/>\n<meta property=\"article:modified_time\" content=\"2023-11-16T09:23:33+00:00\" \/>\n<meta name=\"twitter:card\" content=\"summary_large_image\" \/>\n<meta name=\"twitter:label1\" content=\"Tiempo de lectura\" \/>\n\t<meta name=\"twitter:data1\" content=\"2 minutos\" \/>\n<script type=\"application\/ld+json\" class=\"yoast-schema-graph\">{\"@context\":\"https:\\\/\\\/schema.org\",\"@graph\":[{\"@type\":\"WebPage\",\"@id\":\"https:\\\/\\\/empregal.gal\\\/es\\\/acogida-y-diagnosis-inicial\\\/\",\"url\":\"https:\\\/\\\/empregal.gal\\\/es\\\/acogida-y-diagnosis-inicial\\\/\",\"name\":\"Acogida y diagn\u00f3stico inicial - EmpregAL - Novas oportunidades para o emprego\",\"isPartOf\":{\"@id\":\"https:\\\/\\\/empregal.gal\\\/#website\"},\"datePublished\":\"2023-10-17T11:21:33+00:00\",\"dateModified\":\"2023-11-16T09:23:33+00:00\",\"breadcrumb\":{\"@id\":\"https:\\\/\\\/empregal.gal\\\/es\\\/acogida-y-diagnosis-inicial\\\/#breadcrumb\"},\"inLanguage\":\"es\",\"potentialAction\":[{\"@type\":\"ReadAction\",\"target\":[\"https:\\\/\\\/empregal.gal\\\/es\\\/acogida-y-diagnosis-inicial\\\/\"]}]},{\"@type\":\"BreadcrumbList\",\"@id\":\"https:\\\/\\\/empregal.gal\\\/es\\\/acogida-y-diagnosis-inicial\\\/#breadcrumb\",\"itemListElement\":[{\"@type\":\"ListItem\",\"position\":1,\"name\":\"Portada\",\"item\":\"https:\\\/\\\/empregal.gal\\\/es\\\/\"},{\"@type\":\"ListItem\",\"position\":2,\"name\":\"Acogida y diagn\u00f3stico inicial\"}]},{\"@type\":\"WebSite\",\"@id\":\"https:\\\/\\\/empregal.gal\\\/#website\",\"url\":\"https:\\\/\\\/empregal.gal\\\/\",\"name\":\"EmpregAL\",\"description\":\"Medidas para a reinserci\u00f3n laboral das persoas do sector do aluminio\",\"publisher\":{\"@id\":\"https:\\\/\\\/empregal.gal\\\/#organization\"},\"potentialAction\":[{\"@type\":\"SearchAction\",\"target\":{\"@type\":\"EntryPoint\",\"urlTemplate\":\"https:\\\/\\\/empregal.gal\\\/?s={search_term_string}\"},\"query-input\":{\"@type\":\"PropertyValueSpecification\",\"valueRequired\":true,\"valueName\":\"search_term_string\"}}],\"inLanguage\":\"es\"},{\"@type\":\"Organization\",\"@id\":\"https:\\\/\\\/empregal.gal\\\/#organization\",\"name\":\"EmpregAL Novas oportunidades para o emprego\",\"url\":\"https:\\\/\\\/empregal.gal\\\/\",\"logo\":{\"@type\":\"ImageObject\",\"inLanguage\":\"es\",\"@id\":\"https:\\\/\\\/empregal.gal\\\/#\\\/schema\\\/logo\\\/image\\\/\",\"url\":\"https:\\\/\\\/empregal.gal\\\/wp-content\\\/uploads\\\/2023\\\/10\\\/empregAL.svg\",\"contentUrl\":\"https:\\\/\\\/empregal.gal\\\/wp-content\\\/uploads\\\/2023\\\/10\\\/empregAL.svg\",\"width\":301,\"height\":60,\"caption\":\"EmpregAL Novas oportunidades para o emprego\"},\"image\":{\"@id\":\"https:\\\/\\\/empregal.gal\\\/#\\\/schema\\\/logo\\\/image\\\/\"}}]}<\/script>\n<!-- \/ Yoast SEO plugin. -->","yoast_head_json":{"title":"Acogida y diagn\u00f3stico inicial - EmpregAL - Novas oportunidades para o emprego","robots":{"index":"index","follow":"follow","max-snippet":"max-snippet:-1","max-image-preview":"max-image-preview:large","max-video-preview":"max-video-preview:-1"},"canonical":"https:\/\/empregal.gal\/es\/acogida-y-diagnosis-inicial\/","og_locale":"es_ES","og_type":"article","og_title":"Acogida y diagn\u00f3stico inicial - EmpregAL - Novas oportunidades para o emprego","og_description":"Plan de medidas empregAL Acogida y diagn\u00f3stico inicial Mediante el presente programa, se pretende ofrecer una primera acogida a los trabajadores que cumplan con los requisitos, con el objetivo de realizar una presentaci\u00f3n general del programa e informarles de las acciones que se van a llevar a cabo y de los esfuerzos y recursos puestos [&hellip;]","og_url":"https:\/\/empregal.gal\/es\/acogida-y-diagnosis-inicial\/","og_site_name":"EmpregAL - Novas oportunidades para o emprego","article_modified_time":"2023-11-16T09:23:33+00:00","twitter_card":"summary_large_image","twitter_misc":{"Tiempo de lectura":"2 minutos"},"schema":{"@context":"https:\/\/schema.org","@graph":[{"@type":"WebPage","@id":"https:\/\/empregal.gal\/es\/acogida-y-diagnosis-inicial\/","url":"https:\/\/empregal.gal\/es\/acogida-y-diagnosis-inicial\/","name":"Acogida y diagn\u00f3stico inicial - EmpregAL - Novas oportunidades para o emprego","isPartOf":{"@id":"https:\/\/empregal.gal\/#website"},"datePublished":"2023-10-17T11:21:33+00:00","dateModified":"2023-11-16T09:23:33+00:00","breadcrumb":{"@id":"https:\/\/empregal.gal\/es\/acogida-y-diagnosis-inicial\/#breadcrumb"},"inLanguage":"es","potentialAction":[{"@type":"ReadAction","target":["https:\/\/empregal.gal\/es\/acogida-y-diagnosis-inicial\/"]}]},{"@type":"BreadcrumbList","@id":"https:\/\/empregal.gal\/es\/acogida-y-diagnosis-inicial\/#breadcrumb","itemListElement":[{"@type":"ListItem","position":1,"name":"Portada","item":"https:\/\/empregal.gal\/es\/"},{"@type":"ListItem","position":2,"name":"Acogida y diagn\u00f3stico inicial"}]},{"@type":"WebSite","@id":"https:\/\/empregal.gal\/#website","url":"https:\/\/empregal.gal\/","name":"EmpregAL","description":"Medidas para a reinserci\u00f3n laboral das persoas do sector do aluminio","publisher":{"@id":"https:\/\/empregal.gal\/#organization"},"potentialAction":[{"@type":"SearchAction","target":{"@type":"EntryPoint","urlTemplate":"https:\/\/empregal.gal\/?s={search_term_string}"},"query-input":{"@type":"PropertyValueSpecification","valueRequired":true,"valueName":"search_term_string"}}],"inLanguage":"es"},{"@type":"Organization","@id":"https:\/\/empregal.gal\/#organization","name":"EmpregAL Novas oportunidades para o emprego","url":"https:\/\/empregal.gal\/","logo":{"@type":"ImageObject","inLanguage":"es","@id":"https:\/\/empregal.gal\/#\/schema\/logo\/image\/","url":"https:\/\/empregal.gal\/wp-content\/uploads\/2023\/10\/empregAL.svg","contentUrl":"https:\/\/empregal.gal\/wp-content\/uploads\/2023\/10\/empregAL.svg","width":301,"height":60,"caption":"EmpregAL Novas oportunidades para o emprego"},"image":{"@id":"https:\/\/empregal.gal\/#\/schema\/logo\/image\/"}}]}},"_links":{"self":[{"href":"https:\/\/empregal.gal\/es\/wp-json\/wp\/v2\/pages\/2489","targetHints":{"allow":["GET"]}}],"collection":[{"href":"https:\/\/empregal.gal\/es\/wp-json\/wp\/v2\/pages"}],"about":[{"href":"https:\/\/empregal.gal\/es\/wp-json\/wp\/v2\/types\/page"}],"author":[{"embeddable":true,"href":"https:\/\/empregal.gal\/es\/wp-json\/wp\/v2\/users\/1"}],"replies":[{"embeddable":true,"href":"https:\/\/empregal.gal\/es\/wp-json\/wp\/v2\/comments?post=2489"}],"version-history":[{"count":0,"href":"https:\/\/empregal.gal\/es\/wp-json\/wp\/v2\/pages\/2489\/revisions"}],"wp:attachment":[{"href":"https:\/\/empregal.gal\/es\/wp-json\/wp\/v2\/media?parent=2489"}],"curies":[{"name":"wp","href":"https:\/\/api.w.org\/{rel}","templated":true}]}}