{"id":2481,"date":"2023-10-17T12:02:02","date_gmt":"2023-10-17T10:02:02","guid":{"rendered":"https:\/\/empregal.gal\/?page_id=2481"},"modified":"2023-11-16T09:49:00","modified_gmt":"2023-11-16T08:49:00","slug":"axentes-sociais","status":"publish","type":"page","link":"https:\/\/empregal.gal\/es\/axentes-sociais\/","title":{"rendered":"Axentes sociais"},"content":{"rendered":"\t\t<div data-elementor-type=\"wp-page\" data-elementor-id=\"2481\" class=\"elementor elementor-2481 elementor-684\" data-elementor-settings=\"{&quot;ha_cmc_init_switcher&quot;:&quot;no&quot;}\" data-elementor-post-type=\"page\">\n\t\t\t\t\t\t<section class=\"ob-is-breaking-bad elementor-section elementor-top-section elementor-element elementor-element-9ea0ca1 elementor-section-full_width elementor-section-height-min-height elementor-section-items-stretch elementor-section-height-default\" data-id=\"9ea0ca1\" data-element_type=\"section\" data-e-type=\"section\" data-settings=\"{&quot;jet_parallax_layout_list&quot;:[],&quot;_ob_bbad_use_it&quot;:&quot;yes&quot;,&quot;_ob_bbad_sssic_use&quot;:&quot;no&quot;}\">\n\t\t\t\t\t\t<div class=\"elementor-container elementor-column-gap-no\">\n\t\t\t\t\t<div class=\"ob-is-pseudo elementor-column elementor-col-100 elementor-top-column elementor-element elementor-element-a785105\" data-id=\"a785105\" data-element_type=\"column\" data-e-type=\"column\" data-settings=\"{&quot;background_background&quot;:&quot;classic&quot;,&quot;_ob_column_has_pseudo&quot;:&quot;yes&quot;,&quot;_ob_pseudo_before_popover_whyxrot&quot;:&quot;yes&quot;,&quot;_ob_bbad_is_stalker&quot;:&quot;no&quot;}\">\n\t\t\t<div class=\"elementor-widget-wrap elementor-element-populated\">\n\t\t\t\t\t\t<div class=\"elementor-element elementor-element-672a9eb elementor-widget__width-auto ha-has-bg-overlay ob-has-background-overlay elementor-widget elementor-widget-heading\" data-id=\"672a9eb\" data-element_type=\"widget\" data-e-type=\"widget\" data-settings=\"{&quot;_ob_poopart_use&quot;:&quot;yes&quot;}\" data-widget_type=\"heading.default\">\n\t\t\t\t<div class=\"elementor-widget-container\">\n\t\t\t\t\t<h1 class=\"elementor-heading-title elementor-size-default\">Promotores empregAL<\/h1>\t\t\t\t<\/div>\n\t\t\t\t<\/div>\n\t\t\t\t<div class=\"elementor-element elementor-element-a84efd4 elementor-widget__width-auto ha-has-bg-overlay ob-has-background-overlay elementor-widget elementor-widget-heading\" data-id=\"a84efd4\" data-element_type=\"widget\" data-e-type=\"widget\" data-settings=\"{&quot;_ob_poopart_use&quot;:&quot;yes&quot;}\" data-widget_type=\"heading.default\">\n\t\t\t\t<div class=\"elementor-widget-container\">\n\t\t\t\t\t<h5 class=\"elementor-heading-title elementor-size-default\">Agentes sociales<\/h5>\t\t\t\t<\/div>\n\t\t\t\t<\/div>\n\t\t\t\t\t<\/div>\n\t\t<\/div>\n\t\t\t\t\t<\/div>\n\t\t<\/section>\n\t\t\t\t<section class=\"ob-is-breaking-bad elementor-section elementor-top-section elementor-element elementor-element-d456542 custom-recursos elementor-section-boxed elementor-section-height-default elementor-section-height-default\" data-id=\"d456542\" data-element_type=\"section\" data-e-type=\"section\" data-settings=\"{&quot;jet_parallax_layout_list&quot;:[],&quot;background_background&quot;:&quot;gradient&quot;,&quot;_ob_bbad_use_it&quot;:&quot;yes&quot;,&quot;_ob_bbad_sssic_use&quot;:&quot;no&quot;}\">\n\t\t\t\t\t\t<div class=\"elementor-container elementor-column-gap-no\">\n\t\t\t\t\t<div class=\"elementor-column elementor-col-100 elementor-top-column elementor-element elementor-element-6a0a3dd\" data-id=\"6a0a3dd\" data-element_type=\"column\" data-e-type=\"column\" data-settings=\"{&quot;_ob_bbad_is_stalker&quot;:&quot;no&quot;,&quot;_ob_column_has_pseudo&quot;:&quot;no&quot;}\">\n\t\t\t<div class=\"elementor-widget-wrap elementor-element-populated\">\n\t\t\t\t\t\t<div class=\"elementor-element elementor-element-5799b45 ob-has-background-overlay elementor-widget elementor-widget-text-editor\" data-id=\"5799b45\" data-element_type=\"widget\" data-e-type=\"widget\" data-settings=\"{&quot;_animation&quot;:&quot;none&quot;,&quot;_ob_poopart_use&quot;:&quot;yes&quot;}\" data-widget_type=\"text-editor.default\">\n\t\t\t\t<div class=\"elementor-widget-container\">\n\t\t\t\t\t\t\t\t\t<strong>Los interlocutores sociales m\u00e1s representativos del sector del aluminio en Galicia<\/strong> (CIG, UGT-Galicia, S.N. de CC.OO de Galicia y la CEG), a trav\u00e9s de la CIG, UGT-FICA \u2013 Industria, Construcci\u00f3n y Agro Galicia, CCOO de Industria Galicia y la Asociaci\u00f3n de Industrias del Metal y Tecnolog\u00edas Asociadas de Galicia \u2013 ASIME, <strong>ser\u00e1n las entidades que, junto con la Xunta de Galicia, gestionar\u00e1n de forma conjunta el proyecto empregAL<\/strong>, ya que disponen de experiencia en planes de formaci\u00f3n y capacitaci\u00f3n de trabajadores y desempleados en el \u00e1mbito de la industria del metal y sus tecnolog\u00edas asociadas. Su participaci\u00f3n permitir\u00e1 conocer la situaci\u00f3n del sector a nivel regional y global, as\u00ed como sus tendencias, de manera que los trabajadores puedan aclarar sus expectativas profesionales para mantenerse en el sector y redise\u00f1ar su proyecto de vida profesional en cada caso, o reorientarse profesionalmente.\n\t\t\t\t\t\t\t\t<\/div>\n\t\t\t\t<\/div>\n\t\t\t\t<div class=\"elementor-element elementor-element-17d2897 elementor-widget__width-auto custom_logo_foot ob-has-background-overlay elementor-widget elementor-widget-image\" data-id=\"17d2897\" data-element_type=\"widget\" data-e-type=\"widget\" data-settings=\"{&quot;_animation&quot;:&quot;none&quot;,&quot;_ob_poopart_use&quot;:&quot;yes&quot;}\" data-widget_type=\"image.default\">\n\t\t\t\t<div class=\"elementor-widget-container\">\n\t\t\t\t\t\t\t\t\t\t\t\t\t\t\t\t<a href=\"https:\/\/industria.ccoo.es\/Galicia\" target=\"_blank\">\n\t\t\t\t\t\t\t<img decoding=\"async\" width=\"47\" height=\"29\" src=\"https:\/\/empregal.gal\/wp-content\/uploads\/2023\/10\/ccoo.svg\" class=\"attachment-full size-full wp-image-1033\" alt=\"\" \/>\t\t\t\t\t\t\t\t<\/a>\n\t\t\t\t\t\t\t\t\t\t\t\t\t\t\t<\/div>\n\t\t\t\t<\/div>\n\t\t\t\t<div class=\"elementor-element elementor-element-5d9b800 elementor-widget__width-auto custom_logo_foot ob-has-background-overlay elementor-widget elementor-widget-image\" data-id=\"5d9b800\" data-element_type=\"widget\" data-e-type=\"widget\" data-settings=\"{&quot;_animation&quot;:&quot;none&quot;,&quot;_ob_poopart_use&quot;:&quot;yes&quot;}\" data-widget_type=\"image.default\">\n\t\t\t\t<div class=\"elementor-widget-container\">\n\t\t\t\t\t\t\t\t\t\t\t\t\t\t\t\t<a href=\"https:\/\/galicia.ugt-fica.org\/\" target=\"_blank\">\n\t\t\t\t\t\t\t<img decoding=\"async\" width=\"56\" height=\"31\" src=\"https:\/\/empregal.gal\/wp-content\/uploads\/2023\/10\/ugt-galicia.svg\" class=\"attachment-full size-full wp-image-1036\" alt=\"\" \/>\t\t\t\t\t\t\t\t<\/a>\n\t\t\t\t\t\t\t\t\t\t\t\t\t\t\t<\/div>\n\t\t\t\t<\/div>\n\t\t\t\t<div class=\"elementor-element elementor-element-dafa9b8 elementor-widget__width-auto custom_logo_foot ob-has-background-overlay elementor-widget elementor-widget-image\" data-id=\"dafa9b8\" data-element_type=\"widget\" data-e-type=\"widget\" data-settings=\"{&quot;_animation&quot;:&quot;none&quot;,&quot;_ob_poopart_use&quot;:&quot;yes&quot;}\" data-widget_type=\"image.default\">\n\t\t\t\t<div class=\"elementor-widget-container\">\n\t\t\t\t\t\t\t\t\t\t\t\t\t\t\t\t<a href=\"https:\/\/www.cig.gal\/\" target=\"_blank\">\n\t\t\t\t\t\t\t<img decoding=\"async\" width=\"57\" height=\"34\" src=\"https:\/\/empregal.gal\/wp-content\/uploads\/2023\/10\/cig.svg\" class=\"attachment-full size-full wp-image-1034\" alt=\"\" \/>\t\t\t\t\t\t\t\t<\/a>\n\t\t\t\t\t\t\t\t\t\t\t\t\t\t\t<\/div>\n\t\t\t\t<\/div>\n\t\t\t\t<div class=\"elementor-element elementor-element-9c1d12c elementor-widget__width-auto custom_logo_foot ob-has-background-overlay elementor-widget elementor-widget-image\" data-id=\"9c1d12c\" data-element_type=\"widget\" data-e-type=\"widget\" data-settings=\"{&quot;_animation&quot;:&quot;none&quot;,&quot;_ob_poopart_use&quot;:&quot;yes&quot;}\" data-widget_type=\"image.default\">\n\t\t\t\t<div class=\"elementor-widget-container\">\n\t\t\t\t\t\t\t\t\t\t\t\t\t\t\t\t<a href=\"https:\/\/asime.es\/\" target=\"_blank\">\n\t\t\t\t\t\t\t<img loading=\"lazy\" decoding=\"async\" width=\"920\" height=\"479\" src=\"https:\/\/empregal.gal\/wp-content\/uploads\/2023\/10\/Asime.svg\" class=\"attachment-full size-full wp-image-1104\" alt=\"logo Asime\" \/>\t\t\t\t\t\t\t\t<\/a>\n\t\t\t\t\t\t\t\t\t\t\t\t\t\t\t<\/div>\n\t\t\t\t<\/div>\n\t\t\t\t<div class=\"elementor-element elementor-element-bcc6553 elementor-view-default ob-has-background-overlay elementor-widget elementor-widget-icon\" data-id=\"bcc6553\" data-element_type=\"widget\" data-e-type=\"widget\" data-settings=\"{&quot;_animation&quot;:&quot;none&quot;,&quot;_ob_poopart_use&quot;:&quot;yes&quot;}\" data-widget_type=\"icon.default\">\n\t\t\t\t<div class=\"elementor-widget-container\">\n\t\t\t\t\t\t\t<div class=\"elementor-icon-wrapper\">\n\t\t\t<div class=\"elementor-icon\">\n\t\t\t<i aria-hidden=\"true\" class=\"hm hm-angle-down\"><\/i>\t\t\t<\/div>\n\t\t<\/div>\n\t\t\t\t\t\t<\/div>\n\t\t\t\t<\/div>\n\t\t\t\t<div class=\"elementor-element elementor-element-7a192e4 ob-has-background-overlay elementor-widget elementor-widget-text-editor\" data-id=\"7a192e4\" data-element_type=\"widget\" data-e-type=\"widget\" data-settings=\"{&quot;_animation&quot;:&quot;none&quot;,&quot;_ob_poopart_use&quot;:&quot;yes&quot;}\" data-widget_type=\"text-editor.default\">\n\t\t\t\t<div class=\"elementor-widget-container\">\n\t\t\t\t\t\t\t\t\tEsta ejecuci\u00f3n conjunta se articula mediante un <strong>convenio de colaboraci\u00f3n plurianual que abarca las anualidades 2023-2024 y 2025<\/strong> y que fue <strong>firmado el pasado 24 de agosto de 2023<\/strong>.\n\t\t\t\t\t\t\t\t<\/div>\n\t\t\t\t<\/div>\n\t\t\t\t\t<\/div>\n\t\t<\/div>\n\t\t\t\t\t<\/div>\n\t\t<\/section>\n\t\t\t\t<section class=\"ob-is-breaking-bad elementor-section elementor-top-section elementor-element elementor-element-3456279 elementor-section-full_width elementor-section-height-default elementor-section-height-default\" data-id=\"3456279\" data-element_type=\"section\" data-e-type=\"section\" data-settings=\"{&quot;jet_parallax_layout_list&quot;:[],&quot;_ob_bbad_use_it&quot;:&quot;yes&quot;,&quot;_ob_bbad_sssic_use&quot;:&quot;no&quot;}\">\n\t\t\t\t\t\t<div class=\"elementor-container elementor-column-gap-no\">\n\t\t\t\t\t<div class=\"ob-is-pseudo elementor-column elementor-col-100 elementor-top-column elementor-element elementor-element-41cfe3b\" data-id=\"41cfe3b\" data-element_type=\"column\" data-e-type=\"column\" data-settings=\"{&quot;background_background&quot;:&quot;classic&quot;,&quot;_ob_column_has_pseudo&quot;:&quot;yes&quot;,&quot;_ob_pseudo_before_popover_whyxrot&quot;:&quot;yes&quot;,&quot;_ob_bbad_is_stalker&quot;:&quot;no&quot;}\">\n\t\t\t<div class=\"elementor-widget-wrap elementor-element-populated\">\n\t\t\t\t\t<div class=\"elementor-background-overlay\"><\/div>\n\t\t\t\t\t\t\t<\/div>\n\t\t<\/div>\n\t\t\t\t\t<\/div>\n\t\t<\/section>\n\t\t\t\t<\/div>\n\t\t","protected":false},"excerpt":{"rendered":"<p>Promotores empregAL Agentes sociales Los interlocutores sociales m\u00e1s representativos del sector del aluminio en Galicia (CIG, UGT-Galicia, S.N. de CC.OO de Galicia y la CEG), a trav\u00e9s de la CIG, UGT-FICA \u2013 Industria, Construcci\u00f3n y Agro Galicia, CCOO de Industria Galicia y la Asociaci\u00f3n de Industrias del Metal y Tecnolog\u00edas Asociadas de Galicia \u2013 ASIME, [&hellip;]<\/p>\n","protected":false},"author":1,"featured_media":0,"parent":0,"menu_order":0,"comment_status":"closed","ping_status":"closed","template":"","meta":{"footnotes":""},"class_list":["post-2481","page","type-page","status-publish","hentry"],"yoast_head":"<!-- This site is optimized with the Yoast SEO plugin v28.4 - https:\/\/yoast.com\/product\/yoast-seo-wordpress\/ -->\n<title>Axentes sociais - EmpregAL - Novas oportunidades para o emprego<\/title>\n<meta name=\"robots\" content=\"index, follow, max-snippet:-1, max-image-preview:large, max-video-preview:-1\" \/>\n<link rel=\"canonical\" href=\"https:\/\/empregal.gal\/es\/axentes-sociais\/\" \/>\n<meta property=\"og:locale\" content=\"es_ES\" \/>\n<meta property=\"og:type\" content=\"article\" \/>\n<meta property=\"og:title\" content=\"Axentes sociais - EmpregAL - Novas oportunidades para o emprego\" \/>\n<meta property=\"og:description\" content=\"Promotores empregAL Agentes sociales Los interlocutores sociales m\u00e1s representativos del sector del aluminio en Galicia (CIG, UGT-Galicia, S.N. de CC.OO de Galicia y la CEG), a trav\u00e9s de la CIG, UGT-FICA \u2013 Industria, Construcci\u00f3n y Agro Galicia, CCOO de Industria Galicia y la Asociaci\u00f3n de Industrias del Metal y Tecnolog\u00edas Asociadas de Galicia \u2013 ASIME, [&hellip;]\" \/>\n<meta property=\"og:url\" content=\"https:\/\/empregal.gal\/es\/axentes-sociais\/\" \/>\n<meta property=\"og:site_name\" content=\"EmpregAL - Novas oportunidades para o emprego\" \/>\n<meta property=\"article:modified_time\" content=\"2023-11-16T08:49:00+00:00\" \/>\n<meta property=\"og:image\" content=\"https:\/\/empregal.gal\/wp-content\/uploads\/2023\/10\/ccoo.svg\" \/>\n<meta name=\"twitter:card\" content=\"summary_large_image\" \/>\n<meta name=\"twitter:label1\" content=\"Tiempo de lectura\" \/>\n\t<meta name=\"twitter:data1\" content=\"1 minuto\" \/>\n<script type=\"application\/ld+json\" class=\"yoast-schema-graph\">{\"@context\":\"https:\\\/\\\/schema.org\",\"@graph\":[{\"@type\":\"WebPage\",\"@id\":\"https:\\\/\\\/empregal.gal\\\/es\\\/axentes-sociais\\\/\",\"url\":\"https:\\\/\\\/empregal.gal\\\/es\\\/axentes-sociais\\\/\",\"name\":\"Axentes sociais - EmpregAL - Novas oportunidades para o emprego\",\"isPartOf\":{\"@id\":\"https:\\\/\\\/empregal.gal\\\/#website\"},\"primaryImageOfPage\":{\"@id\":\"https:\\\/\\\/empregal.gal\\\/es\\\/axentes-sociais\\\/#primaryimage\"},\"image\":{\"@id\":\"https:\\\/\\\/empregal.gal\\\/es\\\/axentes-sociais\\\/#primaryimage\"},\"thumbnailUrl\":\"https:\\\/\\\/empregal.gal\\\/wp-content\\\/uploads\\\/2023\\\/10\\\/ccoo.svg\",\"datePublished\":\"2023-10-17T10:02:02+00:00\",\"dateModified\":\"2023-11-16T08:49:00+00:00\",\"breadcrumb\":{\"@id\":\"https:\\\/\\\/empregal.gal\\\/es\\\/axentes-sociais\\\/#breadcrumb\"},\"inLanguage\":\"es\",\"potentialAction\":[{\"@type\":\"ReadAction\",\"target\":[\"https:\\\/\\\/empregal.gal\\\/es\\\/axentes-sociais\\\/\"]}]},{\"@type\":\"ImageObject\",\"inLanguage\":\"es\",\"@id\":\"https:\\\/\\\/empregal.gal\\\/es\\\/axentes-sociais\\\/#primaryimage\",\"url\":\"https:\\\/\\\/empregal.gal\\\/wp-content\\\/uploads\\\/2023\\\/10\\\/ccoo.svg\",\"contentUrl\":\"https:\\\/\\\/empregal.gal\\\/wp-content\\\/uploads\\\/2023\\\/10\\\/ccoo.svg\"},{\"@type\":\"BreadcrumbList\",\"@id\":\"https:\\\/\\\/empregal.gal\\\/es\\\/axentes-sociais\\\/#breadcrumb\",\"itemListElement\":[{\"@type\":\"ListItem\",\"position\":1,\"name\":\"Portada\",\"item\":\"https:\\\/\\\/empregal.gal\\\/es\\\/\"},{\"@type\":\"ListItem\",\"position\":2,\"name\":\"Axentes sociais\"}]},{\"@type\":\"WebSite\",\"@id\":\"https:\\\/\\\/empregal.gal\\\/#website\",\"url\":\"https:\\\/\\\/empregal.gal\\\/\",\"name\":\"EmpregAL\",\"description\":\"Medidas para a reinserci\u00f3n laboral das persoas do sector do aluminio\",\"publisher\":{\"@id\":\"https:\\\/\\\/empregal.gal\\\/#organization\"},\"potentialAction\":[{\"@type\":\"SearchAction\",\"target\":{\"@type\":\"EntryPoint\",\"urlTemplate\":\"https:\\\/\\\/empregal.gal\\\/?s={search_term_string}\"},\"query-input\":{\"@type\":\"PropertyValueSpecification\",\"valueRequired\":true,\"valueName\":\"search_term_string\"}}],\"inLanguage\":\"es\"},{\"@type\":\"Organization\",\"@id\":\"https:\\\/\\\/empregal.gal\\\/#organization\",\"name\":\"EmpregAL Novas oportunidades para o emprego\",\"url\":\"https:\\\/\\\/empregal.gal\\\/\",\"logo\":{\"@type\":\"ImageObject\",\"inLanguage\":\"es\",\"@id\":\"https:\\\/\\\/empregal.gal\\\/#\\\/schema\\\/logo\\\/image\\\/\",\"url\":\"https:\\\/\\\/empregal.gal\\\/wp-content\\\/uploads\\\/2023\\\/10\\\/empregAL.svg\",\"contentUrl\":\"https:\\\/\\\/empregal.gal\\\/wp-content\\\/uploads\\\/2023\\\/10\\\/empregAL.svg\",\"width\":301,\"height\":60,\"caption\":\"EmpregAL Novas oportunidades para o emprego\"},\"image\":{\"@id\":\"https:\\\/\\\/empregal.gal\\\/#\\\/schema\\\/logo\\\/image\\\/\"}}]}<\/script>\n<!-- \/ Yoast SEO plugin. -->","yoast_head_json":{"title":"Axentes sociais - EmpregAL - Novas oportunidades para o emprego","robots":{"index":"index","follow":"follow","max-snippet":"max-snippet:-1","max-image-preview":"max-image-preview:large","max-video-preview":"max-video-preview:-1"},"canonical":"https:\/\/empregal.gal\/es\/axentes-sociais\/","og_locale":"es_ES","og_type":"article","og_title":"Axentes sociais - EmpregAL - Novas oportunidades para o emprego","og_description":"Promotores empregAL Agentes sociales Los interlocutores sociales m\u00e1s representativos del sector del aluminio en Galicia (CIG, UGT-Galicia, S.N. de CC.OO de Galicia y la CEG), a trav\u00e9s de la CIG, UGT-FICA \u2013 Industria, Construcci\u00f3n y Agro Galicia, CCOO de Industria Galicia y la Asociaci\u00f3n de Industrias del Metal y Tecnolog\u00edas Asociadas de Galicia \u2013 ASIME, [&hellip;]","og_url":"https:\/\/empregal.gal\/es\/axentes-sociais\/","og_site_name":"EmpregAL - Novas oportunidades para o emprego","article_modified_time":"2023-11-16T08:49:00+00:00","og_image":[{"url":"https:\/\/empregal.gal\/wp-content\/uploads\/2023\/10\/ccoo.svg","type":"","width":"","height":""}],"twitter_card":"summary_large_image","twitter_misc":{"Tiempo de lectura":"1 minuto"},"schema":{"@context":"https:\/\/schema.org","@graph":[{"@type":"WebPage","@id":"https:\/\/empregal.gal\/es\/axentes-sociais\/","url":"https:\/\/empregal.gal\/es\/axentes-sociais\/","name":"Axentes sociais - EmpregAL - Novas oportunidades para o emprego","isPartOf":{"@id":"https:\/\/empregal.gal\/#website"},"primaryImageOfPage":{"@id":"https:\/\/empregal.gal\/es\/axentes-sociais\/#primaryimage"},"image":{"@id":"https:\/\/empregal.gal\/es\/axentes-sociais\/#primaryimage"},"thumbnailUrl":"https:\/\/empregal.gal\/wp-content\/uploads\/2023\/10\/ccoo.svg","datePublished":"2023-10-17T10:02:02+00:00","dateModified":"2023-11-16T08:49:00+00:00","breadcrumb":{"@id":"https:\/\/empregal.gal\/es\/axentes-sociais\/#breadcrumb"},"inLanguage":"es","potentialAction":[{"@type":"ReadAction","target":["https:\/\/empregal.gal\/es\/axentes-sociais\/"]}]},{"@type":"ImageObject","inLanguage":"es","@id":"https:\/\/empregal.gal\/es\/axentes-sociais\/#primaryimage","url":"https:\/\/empregal.gal\/wp-content\/uploads\/2023\/10\/ccoo.svg","contentUrl":"https:\/\/empregal.gal\/wp-content\/uploads\/2023\/10\/ccoo.svg"},{"@type":"BreadcrumbList","@id":"https:\/\/empregal.gal\/es\/axentes-sociais\/#breadcrumb","itemListElement":[{"@type":"ListItem","position":1,"name":"Portada","item":"https:\/\/empregal.gal\/es\/"},{"@type":"ListItem","position":2,"name":"Axentes sociais"}]},{"@type":"WebSite","@id":"https:\/\/empregal.gal\/#website","url":"https:\/\/empregal.gal\/","name":"EmpregAL","description":"Medidas para a reinserci\u00f3n laboral das persoas do sector do aluminio","publisher":{"@id":"https:\/\/empregal.gal\/#organization"},"potentialAction":[{"@type":"SearchAction","target":{"@type":"EntryPoint","urlTemplate":"https:\/\/empregal.gal\/?s={search_term_string}"},"query-input":{"@type":"PropertyValueSpecification","valueRequired":true,"valueName":"search_term_string"}}],"inLanguage":"es"},{"@type":"Organization","@id":"https:\/\/empregal.gal\/#organization","name":"EmpregAL Novas oportunidades para o emprego","url":"https:\/\/empregal.gal\/","logo":{"@type":"ImageObject","inLanguage":"es","@id":"https:\/\/empregal.gal\/#\/schema\/logo\/image\/","url":"https:\/\/empregal.gal\/wp-content\/uploads\/2023\/10\/empregAL.svg","contentUrl":"https:\/\/empregal.gal\/wp-content\/uploads\/2023\/10\/empregAL.svg","width":301,"height":60,"caption":"EmpregAL Novas oportunidades para o emprego"},"image":{"@id":"https:\/\/empregal.gal\/#\/schema\/logo\/image\/"}}]}},"_links":{"self":[{"href":"https:\/\/empregal.gal\/es\/wp-json\/wp\/v2\/pages\/2481","targetHints":{"allow":["GET"]}}],"collection":[{"href":"https:\/\/empregal.gal\/es\/wp-json\/wp\/v2\/pages"}],"about":[{"href":"https:\/\/empregal.gal\/es\/wp-json\/wp\/v2\/types\/page"}],"author":[{"embeddable":true,"href":"https:\/\/empregal.gal\/es\/wp-json\/wp\/v2\/users\/1"}],"replies":[{"embeddable":true,"href":"https:\/\/empregal.gal\/es\/wp-json\/wp\/v2\/comments?post=2481"}],"version-history":[{"count":0,"href":"https:\/\/empregal.gal\/es\/wp-json\/wp\/v2\/pages\/2481\/revisions"}],"wp:attachment":[{"href":"https:\/\/empregal.gal\/es\/wp-json\/wp\/v2\/media?parent=2481"}],"curies":[{"name":"wp","href":"https:\/\/api.w.org\/{rel}","templated":true}]}}